{"id":146,"date":"2023-11-27T10:43:59","date_gmt":"2023-11-27T10:43:59","guid":{"rendered":"https:\/\/villa-sandy-city-park-resort.ms2.decms.eu\/?page_id=146"},"modified":"2025-03-25T07:45:42","modified_gmt":"2025-03-25T07:45:42","slug":"adatvedelem","status":"publish","type":"page","link":"https:\/\/www.villasandyresort.com\/hu\/adatvedelem\/","title":{"rendered":"Adatv\u00e9delem"},"content":{"rendered":"<p style=\"text-align: justify\"><strong>Operatort of VILLA SANDY Resort<\/strong>,<br \/>\ncompany City Park Center a.s., settled 10, 040 01 Ko\u0161ice, I\u010cO: 36 213 624, As the operator of the information system, you publish compliance with the principle of fairness and transparency towards the data subjects concerned in this statement on the protection of personal data under the name.:<\/p>\n<p><strong>INFORMATION OBLIGATION OF THE OPERATOR<\/strong><\/p>\n<p>in accordance with Articles 13, 14 and the relevant Recitals of the Regulation of the European Parliament and the Council (EU) 2016\/679 on the protection of natural persons in the processing of personal data and on the free movement of such data (hereinafter referred to as the &#8222;Regulation&#8221;) and the Act of the National Council of Slovak Republic no. 18\/2018 Coll. on the protection of personal data and on amendments to specific laws (hereinafter referred to as the &#8222;Act on Personal Data Protection&#8221;).<\/p>\n<p style=\"text-align: justify\"><u>The purposes of personal data processing<\/u> are the reasons for which the personal data of data subjects (clients, guests, customers, applicants) are processed in our information systems on precisely determined legal bases. The purposes are specifically determined, explicitly stated and authorised. When processing the personal data of the data subjects, we comply with the principle of legality according to Articles 6 and 9 of the Regulation (individual purposes and legal bases are listed in the appendix of this Information Obligation).<\/p>\n<p style=\"text-align: justify\"><u>Data subjects whose personal data are processed in our information systems for specifically defined purposes may exercise the following rights in writing or electronically:<\/u><\/p>\n<p><u>a) Right to access the personal data<\/u> \u2013 it is the right to obtain confirmation of whether your data is being processed, as well as the right to get access to this data within the scope of the purposes and duration of the processing, the category of personal data concerned, the range of recipients, the procedure in each automatic processing, or the consequences of such processing. As an operator, we have the right to use all reasonable measures to verify the data subject&#8217;s identity requesting access to the data, particularly in relation to online services and identifiers (Article 15, Recital 63, 64 of the Regulation). If the operator processes this data, it will issue a copy of this personal data to the data subject upon request. Issuance of the first copy is free of charge. For any additional copies requested by the person, the operator will charge a fee corresponding to the administrative costs incurred by issuing the copy. Suppose a person asks for information in the form of electronic means. In that case, it will be provided to him in a commonly used electronic format, e-mail, unless he requests another method.<br \/>\nb)\u00a0<u>Right to rectify<\/u> the incorrect personal data and supplement incomplete personal data (Article 16, Recital 65 of the Regulation). The operator will correct or supplement personal data without undue delay after the data subject has requested it. <u><\/u><br \/>\nc) <u>Right to erasure <\/u>\u2013 \u201eto be forgotten\u201c of those personal data that are no longer necessary for the purposes for which they were obtained and processed; in case of withdrawal of consent on the basis of which the processing is carried out; in case of illegal processing; if personal data were obtained in connection with the offer of an information company (persons under 16 years of age), subject to the fulfilment of the conditions specified in Article 17, Recital 65,66 of the Regulation. The data subject will not have the right to delete personal data, provided that their processing is necessary for:<\/p>\n<ul>\n<li>to exercise the right to freedom of expression and information;<\/li>\n<li>to fulfil an obligation according to the law, a particular regulation or an international treaty to which the Slovak Republic is bound, or to fulfil a task carried out in the public interest or the exercise of public authority entrusted to the operator,<\/li>\n<li>for reasons of public interest in the field of public health,<\/li>\n<li>for the purposes of archiving in the public interest, for scientific or historical research or for statistical purposes, if it is likely that the right to erasure will make it impossible or seriously difficult to achieve the goals of such processing, or<\/li>\n<li>to demonstrate, exercise or defend legal claims<\/li>\n<\/ul>\n<p>d) <u>Right to restriction of processing<\/u> is possible to apply as a data subject<\/p>\n<ul>\n<li style=\"list-style-type: none\">\n<ul>\n<li>challenges the correctness of personal data and other details in accordance with Article 18, Recital 67 of the Regulation, in the form of the temporary transfer of selected personal data to another processing system, prevention of user access to selected personal data or temporary removal of processing<\/li>\n<li>the processing is illegal, and the data subject requests the restriction of their use instead of deletion of personal data<\/li>\n<li>the operator no longer needs personal data for the purposes of the processing, but the data subject requires them to prove, exercise or defend legal claims<\/li>\n<li>the data subject objected to the processing of personal data on the basis of the legitimate claim of the operator until it is verified whether the legitimate reasons on the part of the operator prevail over the legitimate reasons of the data<\/li>\n<\/ul>\n<\/li>\n<\/ul>\n<p>Suppose the data subject requires the restriction of the processing of his data. In that case, the operator will not carry out any processing operations with the data concerned, except storage, without the data subject\u2019s consent.<br \/>\ne) <u>Right to the accuracy of personal data<\/u> is the right to transfer the personal data provided by you to our information systems on the basis of consent or performance of the contract to another operator in a structured, commonly used, and machine-readable format, as long as it is technically possible also under the conditions of Article 20, Recital 68 of the Regulation in case the processing is carried out by automated means. The exercise of this right does not affect Article 17 of the Regulation. The right to data portability does not apply to processing necessary to fulfil a task carried out in the public interest or the exercise of public authority entrusted to us as the operator.<br \/>\nf) Without prejudice to any other administrative or judicial means of redress, you as a data subject have the right to file a complaint with the Personal Data Protection Authority of the Slovak Republic in accordance with Article 77 of the Regulation if you believe that the processing of personal data concerning you is in violation with the Regulation or the Personal Data Protection<\/p>\n<p>As a data subject, you also have the right to object to the processing of your personal data at any time for reasons related to a specific situation, also if the processing is necessary for the purposes of legitimate interests pursued by us as an operator or a third party (except for processing carried out by public authorities in the performance of their tasks), with the exception of cases where such interests are overridden by your interests or fundamental rights and freedoms as a data subject that require the protection of personal data (in particular if the data subject is a child).<\/p>\n<p style=\"text-align: justify\">City Park Center a.s., so s\u00eddlom Benc\u00farova 10, 040 01 Ko\u0161ice, I\u010cO: 36 213 624 adopted as the operator of the information system all appropriate personnel, organisational and technical measures for the purpose of maximum protection of your personal data to reduce the risk of their misuse, leakage and so forth, to the greatest extent possible. In accordance with our obligation arising from Article 34 of the Regulation, we inform you as data subjects that if a situation arises that we, as the operator, violate the protection of your personal data in a way that is likely to lead to a high risk for the rights and freedoms of natural persons, we will notify you of this fact without undue delay.<\/p>\n<p>WARNING: to comply with the principle of minimisation, all personal data provided by you is a necessary legal or contractual requirement to fulfil the purpose of their processing. Failure to provide mandatory data essential for concluding a contract may result in failure to complete a contractual relationship.<\/p>\n<p>In case of any questions related to the protection of your personal data, including the exercise of your rights in accordance with the Regulation and the Act on the Protection of Personal Data, please get in touch with us e-mail adresse: <a href=\"mailto:gdpr@villasandyresort.com\">gdpr@villasandyresort.com<\/a><\/p>\n<p>If you are not satisfied with our answer, or if you believe that we process your personal data unfairly or illegally, you can file a complaint with the supervisory authority, which is the Personal Data Protection Office of the Slovak Republic, https:\/\/dataprotection.gov.sk, Hrani\u010dn\u00e1 12 , 820 07 Bratislava 27; tel. number: +421 \/2\/ 3231 3214; E-mail: <a href=\"mailto:statny.dozor@pdp.gov.sk\">statny.dozor@pdp.gov.sk.<\/a><\/p>\n<p style=\"text-align: left\">The operator processes personal data for these purposes:<br \/>\n1. <strong><u>RECORD OF ACCOMMODATED GUESTS IN THE ACCOMMODATION FACILITY<\/u><\/strong><\/p>\n<table>\n<tbody>\n<tr>\n<td width=\"302\"><span style=\"vertical-align: inherit\"><span style=\"vertical-align: inherit\">The purpose of personal data processing<\/span><\/span><\/td>\n<td width=\"302\">\n<p style=\"text-align: justify\"><span style=\"vertical-align: inherit\"><span style=\"vertical-align: inherit\">Maintaining a database of guests staying in the accommodation facility with the aim of checking them when moving around the accommodation facility, during their check-in, check-out, payment of local taxes and fees, reporting to the relevant authorities.<\/span><\/span><\/p>\n<\/td>\n<\/tr>\n<tr>\n<td width=\"302\"><span style=\"vertical-align: inherit\"><span style=\"vertical-align: inherit\">Legal basis<\/span><\/span><\/td>\n<td width=\"302\">\n<p style=\"text-align: justify\"><span style=\"vertical-align: inherit\"><span style=\"vertical-align: inherit\">The legal basis for the processing of personal data in the subject IS is represented by Act no. <\/span><span style=\"vertical-align: inherit\">404\/2011 Coll. on the residence of foreigners and on the amendment and supplementation of certain laws, Law no. <\/span><span style=\"vertical-align: inherit\">253\/1998 Coll. on reporting the residence of citizens of the Slovak Republic and the register of residents of the Slovak Republic, Act no. <\/span><span style=\"vertical-align: inherit\">513\/1991 Coll. <\/span><span style=\"vertical-align: inherit\">Commercial Code Act no. <\/span><span style=\"vertical-align: inherit\">40\/1964 Coll. <\/span><span style=\"vertical-align: inherit\">Civil Code as amended<\/span><\/span><\/p>\n<\/td>\n<\/tr>\n<tr>\n<td width=\"302\"><span style=\"vertical-align: inherit\"><span style=\"vertical-align: inherit\">Categories of beneficiaries<\/span><\/span><\/td>\n<td width=\"302\">\n<p style=\"text-align: justify\"><span style=\"vertical-align: inherit\"><span style=\"vertical-align: inherit\">Bodies of state administration, public power and public administration according to relevant legal regulations<\/span><\/span><\/p>\n<\/td>\n<\/tr>\n<tr>\n<td width=\"302\"><span style=\"vertical-align: inherit\"><span style=\"vertical-align: inherit\">Cross-border transfer of persons. <\/span><span style=\"vertical-align: inherit\">data<\/span><\/span><\/td>\n<td width=\"302\"><span style=\"vertical-align: inherit\"><span style=\"vertical-align: inherit\">It&#8217;s not happening<\/span><\/span><\/td>\n<\/tr>\n<tr>\n<td width=\"302\"><span style=\"vertical-align: inherit\"><span style=\"vertical-align: inherit\">Deadlines for deleting os. <\/span><span style=\"vertical-align: inherit\">data<\/span><\/span><\/td>\n<td width=\"302\"><span style=\"vertical-align: inherit\"><span style=\"vertical-align: inherit\">10 years from the date of accommodation<\/span><\/span><\/td>\n<\/tr>\n<tr>\n<td width=\"302\">\n<p style=\"text-align: justify\"><span style=\"vertical-align: inherit\"><span style=\"vertical-align: inherit\">Information about the existence of automated decision-making, including profiling<\/span><\/span><\/p>\n<\/td>\n<td width=\"302\"><strong>\u00a0<\/strong><\/p>\n<p><span style=\"vertical-align: inherit\"><span style=\"vertical-align: inherit\">It&#8217;s not happening<\/span><\/span><\/td>\n<\/tr>\n<tr>\n<td width=\"302\"><span style=\"vertical-align: inherit\"><span style=\"vertical-align: inherit\">Categories of affected persons<\/span><\/span><\/td>\n<td width=\"302\"><span style=\"vertical-align: inherit\"><span style=\"vertical-align: inherit\">Accomodated guests<\/span><\/span><\/td>\n<\/tr>\n<tr>\n<td width=\"302\"><span style=\"vertical-align: inherit\"><span style=\"vertical-align: inherit\">Category of personal data<\/span><\/span><\/td>\n<td width=\"302\">\n<p style=\"text-align: justify\"><span style=\"vertical-align: inherit\"><span style=\"vertical-align: inherit\">Name, surname, identity card or travel document number, address of permanent residence, length of stay, nationality and date of birth for foreigners<\/span><\/span><\/p>\n<\/td>\n<\/tr>\n<tr>\n<td width=\"302\"><span style=\"vertical-align: inherit\"><span style=\"vertical-align: inherit\">The source from which the personal data originates<\/span><\/span><\/td>\n<td width=\"302\">\n<p style=\"text-align: justify\"><span style=\"vertical-align: inherit\"><span style=\"vertical-align: inherit\">Personal data concerning the person concerned can be obtained from the following source: booking through online travel agencies (e.g. booking.com, airbnb.com, etc.)<\/span><\/span><\/p>\n<\/td>\n<\/tr>\n<\/tbody>\n<\/table>\n<p><span style=\"vertical-align: inherit\"><span style=\"vertical-align: inherit\">2. RESERVATIONS OF TABLES IN RESTAURANT PREMISES:<\/span><\/span><\/p>\n<table>\n<tbody>\n<tr>\n<td width=\"302\"><span style=\"vertical-align: inherit\"><span style=\"vertical-align: inherit\">The purpose of personal data processing<\/span><\/span><\/td>\n<td width=\"302\">\n<p style=\"text-align: justify\"><span style=\"vertical-align: inherit\"><span style=\"vertical-align: inherit\">Provision of restaurant and hospitality services based on table reservation through online reservation on the website or by telephone.<\/span><\/span><\/p>\n<\/td>\n<\/tr>\n<tr>\n<td width=\"302\"><span style=\"vertical-align: inherit\"><span style=\"vertical-align: inherit\">Legal basis<\/span><\/span><\/td>\n<td width=\"302\">\n<p style=\"text-align: justify\"><span style=\"vertical-align: inherit\"><span style=\"vertical-align: inherit\">The legal basis for the processing of personal data in the subject IS is represented by Act no. <\/span><span style=\"vertical-align: inherit\">513\/1991 Coll. <\/span><span style=\"vertical-align: inherit\">Commercial Code, Act no. <\/span><span style=\"vertical-align: inherit\">40\/1964 Coll. Civil Code, Act no. <\/span><span style=\"vertical-align: inherit\">455\/1991 Coll. on trade, Constitution of the Slovak Republic.<\/span><\/span><\/p>\n<\/td>\n<\/tr>\n<tr>\n<td width=\"302\"><span style=\"vertical-align: inherit\"><span style=\"vertical-align: inherit\">Categories of beneficiaries<\/span><\/span><\/td>\n<td width=\"302\"><span style=\"vertical-align: inherit\"><span style=\"vertical-align: inherit\">Public authorities according to relevant legal regulations (court, OCTK and offense authority)<\/span><\/span><\/td>\n<\/tr>\n<tr>\n<td width=\"302\"><span style=\"vertical-align: inherit\"><span style=\"vertical-align: inherit\">Cross-border transfer of persons. <\/span><span style=\"vertical-align: inherit\">data<\/span><\/span><\/td>\n<td width=\"302\"><span style=\"vertical-align: inherit\"><span style=\"vertical-align: inherit\">It&#8217;s not happening<\/span><\/span><\/td>\n<\/tr>\n<tr>\n<td width=\"302\"><span style=\"vertical-align: inherit\"><span style=\"vertical-align: inherit\">Deadlines for deleting os. <\/span><span style=\"vertical-align: inherit\">data<\/span><\/span><\/td>\n<td width=\"302\"><span style=\"vertical-align: inherit\"><span style=\"vertical-align: inherit\">1 day from the fulfillment of the processing purpose<\/span><\/span><\/td>\n<\/tr>\n<tr>\n<td width=\"302\"><span style=\"vertical-align: inherit\"><span style=\"vertical-align: inherit\">Information about the existence of automated decision-making, including profiling<\/span><\/span><\/td>\n<td width=\"302\"><strong>\u00a0<\/strong><\/p>\n<p><span style=\"vertical-align: inherit\"><span style=\"vertical-align: inherit\">It&#8217;s not happening<\/span><\/span><\/td>\n<\/tr>\n<tr>\n<td width=\"302\"><span style=\"vertical-align: inherit\"><span style=\"vertical-align: inherit\">Categories of affected persons<\/span><\/span><\/td>\n<td width=\"302\"><span style=\"vertical-align: inherit\"><span style=\"vertical-align: inherit\">Natural persons &#8211; customers, guests<\/span><\/span><\/td>\n<\/tr>\n<tr>\n<td width=\"302\"><span style=\"vertical-align: inherit\"><span style=\"vertical-align: inherit\">Categories of personal data<\/span><\/span><\/td>\n<td width=\"302\"><span style=\"vertical-align: inherit\"><span style=\"vertical-align: inherit\">Name, surname, phone number<\/span><\/span><\/td>\n<\/tr>\n<\/tbody>\n<\/table>\n<p style=\"text-align: left\"><span style=\"vertical-align: inherit\"><span style=\"vertical-align: inherit\">3. CAMERA SYSTEM MONITORING SPACES ACCESSIBLE TO THE PUBLIC<\/span><\/span><\/p>\n<table>\n<tbody>\n<tr>\n<td width=\"302\"><span style=\"vertical-align: inherit\"><span style=\"vertical-align: inherit\">The purpose of personal data processing<\/span><\/span><\/td>\n<td width=\"302\">\n<p style=\"text-align: justify\"><span style=\"vertical-align: inherit\"><span style=\"vertical-align: inherit\">Monitoring of spaces accessible to the public for the purpose of property protection, health and crime detection.<\/span><\/span><\/p>\n<\/td>\n<\/tr>\n<tr>\n<td width=\"302\"><span style=\"vertical-align: inherit\"><span style=\"vertical-align: inherit\">Legal basis<\/span><\/span><\/td>\n<td width=\"302\">\n<p style=\"text-align: justify\"><span style=\"vertical-align: inherit\"><span style=\"vertical-align: inherit\">Legitimate interest in the sense of Article 6 par. <\/span><span style=\"vertical-align: inherit\">1 letter <\/span><span style=\"vertical-align: inherit\">f) Regulations. <\/span><span style=\"vertical-align: inherit\">The main legitimate interest is the protection of the property and safety of the operator and the affected persons and the detection of crime<\/span><\/span><\/p>\n<\/td>\n<\/tr>\n<tr>\n<td width=\"302\"><span style=\"vertical-align: inherit\"><span style=\"vertical-align: inherit\">Categories of beneficiaries<\/span><\/span><\/td>\n<td width=\"302\">\n<p style=\"text-align: justify\"><span style=\"vertical-align: inherit\"><span style=\"vertical-align: inherit\">Public authorities according to relevant legal regulations (court, OCTK and offense authority)<\/span><\/span><\/p>\n<\/td>\n<\/tr>\n<tr>\n<td width=\"302\"><span style=\"vertical-align: inherit\"><span style=\"vertical-align: inherit\">Cross-border transfer of persons. <\/span><span style=\"vertical-align: inherit\">data<\/span><\/span><\/td>\n<td width=\"302\"><span style=\"vertical-align: inherit\"><span style=\"vertical-align: inherit\">It&#8217;s not happening<\/span><\/span><\/td>\n<\/tr>\n<tr>\n<td width=\"302\"><span style=\"vertical-align: inherit\"><span style=\"vertical-align: inherit\">Deadlines for deleting os. <\/span><span style=\"vertical-align: inherit\">data<\/span><\/span><\/td>\n<td width=\"302\">\n<p style=\"text-align: justify\"><span style=\"vertical-align: inherit\"><span style=\"vertical-align: inherit\">3 days from the day following the day on which the record was made<\/span><\/span><\/p>\n<\/td>\n<\/tr>\n<tr>\n<td width=\"302\"><span style=\"vertical-align: inherit\"><span style=\"vertical-align: inherit\">Information about the existence of automated decision-making, including profiling<\/span><\/span><\/td>\n<td width=\"302\"><strong>\u00a0<\/strong><\/p>\n<p><span style=\"vertical-align: inherit\"><span style=\"vertical-align: inherit\">It&#8217;s not happening<\/span><\/span><\/td>\n<\/tr>\n<tr>\n<td width=\"302\"><span style=\"vertical-align: inherit\"><span style=\"vertical-align: inherit\">Categories of affected persons<\/span><\/span><\/td>\n<td width=\"302\">\n<p style=\"text-align: justify\"><span style=\"vertical-align: inherit\"><span style=\"vertical-align: inherit\">Natural persons who entered the monitored area<\/span><\/span><\/p>\n<\/td>\n<\/tr>\n<tr>\n<td width=\"302\"><span style=\"vertical-align: inherit\"><span style=\"vertical-align: inherit\">Categories of personal data<\/span><\/span><\/td>\n<td width=\"302\">\n<p style=\"text-align: justify\"><span style=\"vertical-align: inherit\"><span style=\"vertical-align: inherit\">Likeness of a natural person, expressions of a personal nature, data that can be used to identify a natural person, vehicle type and license plate number<\/span><\/span><\/p>\n<\/td>\n<\/tr>\n<\/tbody>\n<\/table>\n<p style=\"text-align: left\"><span style=\"vertical-align: inherit\"><span style=\"vertical-align: inherit\">4. HANDLING OF CLAIMS<\/span><\/span><\/p>\n<table>\n<tbody>\n<tr>\n<td width=\"302\"><span style=\"vertical-align: inherit\"><span style=\"vertical-align: inherit\">The purpose of personal data processing<\/span><\/span><\/td>\n<td width=\"302\">\n<p style=\"text-align: justify\"><span style=\"vertical-align: inherit\"><span style=\"vertical-align: inherit\">Processing of claims for services and goods provided.<\/span><\/span><\/p>\n<\/td>\n<\/tr>\n<tr>\n<td width=\"302\"><span style=\"vertical-align: inherit\"><span style=\"vertical-align: inherit\">Legal basis<\/span><\/span><\/td>\n<td width=\"302\">\n<p style=\"text-align: justify\"><span style=\"vertical-align: inherit\"><span style=\"vertical-align: inherit\">The legal basis for the processing of personal data in the subject IS is represented by Act no. <\/span><span style=\"vertical-align: inherit\">250\/2007 Coll. on consumer protection<\/span><\/span><\/p>\n<\/td>\n<\/tr>\n<tr>\n<td width=\"302\"><span style=\"vertical-align: inherit\"><span style=\"vertical-align: inherit\">Categories of beneficiaries<\/span><\/span><\/td>\n<td width=\"302\"><span style=\"vertical-align: inherit\"><span style=\"vertical-align: inherit\">They are not<\/span><\/span><\/td>\n<\/tr>\n<tr>\n<td width=\"302\"><span style=\"vertical-align: inherit\"><span style=\"vertical-align: inherit\">Cross-border transfer of persons. <\/span><span style=\"vertical-align: inherit\">data<\/span><\/span><\/td>\n<td width=\"302\"><span style=\"vertical-align: inherit\"><span style=\"vertical-align: inherit\">It&#8217;s not happening<\/span><\/span><\/td>\n<\/tr>\n<tr>\n<td width=\"302\"><span style=\"vertical-align: inherit\"><span style=\"vertical-align: inherit\">Deadlines for deleting os. <\/span><span style=\"vertical-align: inherit\">data<\/span><\/span><\/td>\n<td width=\"302\">\n<p style=\"text-align: justify\"><span style=\"vertical-align: inherit\"><span style=\"vertical-align: inherit\">6 months from the day the claim was processed<\/span><\/span><\/p>\n<\/td>\n<\/tr>\n<tr>\n<td width=\"302\"><span style=\"vertical-align: inherit\"><span style=\"vertical-align: inherit\">Information about the existence of automated decision-making, including profiling<\/span><\/span><\/td>\n<td width=\"302\"><span style=\"vertical-align: inherit\"><span style=\"vertical-align: inherit\">It&#8217;s not happening<\/span><\/span><\/td>\n<\/tr>\n<tr>\n<td width=\"302\"><span style=\"vertical-align: inherit\"><span style=\"vertical-align: inherit\">Categories of affected persons<\/span><\/span><\/td>\n<td width=\"302\">\n<p style=\"text-align: justify\"><span style=\"vertical-align: inherit\"><span style=\"vertical-align: inherit\">Accomodated guests, visitors to the establishment, customers of restaurants<\/span><\/span><\/p>\n<\/td>\n<\/tr>\n<tr>\n<td width=\"302\"><span style=\"vertical-align: inherit\"><span style=\"vertical-align: inherit\">Category of personal data<\/span><\/span><\/td>\n<td width=\"302\">\n<p style=\"text-align: justify\"><span style=\"vertical-align: inherit\"><span style=\"vertical-align: inherit\">Name, surname, identity card or travel document number, address of permanent residence, length of stay, nationality and date of birth for foreigners.<\/span><\/span><\/p>\n<\/td>\n<\/tr>\n<\/tbody>\n<\/table>\n<p style=\"text-align: left\"><span style=\"vertical-align: inherit\"><span style=\"vertical-align: inherit\">5. EXERCISE OF THE RIGHTS OF THE PERSONS CONCERNED<\/span><\/span><\/p>\n<table>\n<tbody>\n<tr>\n<td width=\"302\"><span style=\"vertical-align: inherit\"><span style=\"vertical-align: inherit\">The purpose of personal data processing<\/span><\/span><\/td>\n<td width=\"302\">\n<p style=\"text-align: justify\"><span style=\"vertical-align: inherit\"><span style=\"vertical-align: inherit\">The purpose of processing personal data Processing requests from natural persons aimed at exercising their rights as data subjects in accordance with Regulation (EU) 2016\/679 of the European Parliament and Council on the protection of natural persons in the processing of personal data and on the free movement of such data. <\/span><span style=\"vertical-align: inherit\">Legal basis Art. <\/span><span style=\"vertical-align: inherit\">6 par. <\/span><span style=\"vertical-align: inherit\">1 letter <\/span><span style=\"vertical-align: inherit\">c), in accordance with Art. <\/span><span style=\"vertical-align: inherit\">15 to 22 and 34 of the Regulation of the European Parliament and the Council (EU) 2016\/679 on the protection of natural persons in the processing of personal data and on the free movement of such data.<\/span><\/span><\/p>\n<\/td>\n<\/tr>\n<tr>\n<td width=\"302\"><span style=\"vertical-align: inherit\"><span style=\"vertical-align: inherit\">Legal basis<\/span><\/span><\/td>\n<td width=\"302\">\n<p style=\"text-align: justify\"><span style=\"vertical-align: inherit\"><span style=\"vertical-align: inherit\">Art. <\/span><span style=\"vertical-align: inherit\">6 par. <\/span><span style=\"vertical-align: inherit\">1 letter <\/span><span style=\"vertical-align: inherit\">c), in accordance with Art. <\/span><span style=\"vertical-align: inherit\">15 to 22 and 34 of the Regulation of the European Parliament and the Council (EU) 2016\/679 on the protection of natural persons in the processing of personal data and on the free movement of such data.<\/span><\/span><\/p>\n<\/td>\n<\/tr>\n<tr>\n<td width=\"302\"><span style=\"vertical-align: inherit\"><span style=\"vertical-align: inherit\">Categories of beneficiaries<\/span><\/span><\/td>\n<td width=\"302\">\n<p style=\"text-align: justify\"><span style=\"vertical-align: inherit\"><span style=\"vertical-align: inherit\">Bodies of state administration, public power and public administration according to relevant legal regulations<\/span><\/span><\/p>\n<\/td>\n<\/tr>\n<tr>\n<td width=\"302\"><span style=\"vertical-align: inherit\"><span style=\"vertical-align: inherit\">Cross-border transfer of persons. <\/span><span style=\"vertical-align: inherit\">data<\/span><\/span><\/td>\n<td width=\"302\"><span style=\"vertical-align: inherit\"><span style=\"vertical-align: inherit\">It&#8217;s not happening<\/span><\/span><\/td>\n<\/tr>\n<tr>\n<td width=\"302\"><span style=\"vertical-align: inherit\"><span style=\"vertical-align: inherit\">Deadlines for deleting os. <\/span><span style=\"vertical-align: inherit\">data<\/span><\/span><\/td>\n<td width=\"302\"><span style=\"vertical-align: inherit\"><span style=\"vertical-align: inherit\">1 year from the date of processing the application<\/span><\/span><\/td>\n<\/tr>\n<tr>\n<td width=\"302\"><span style=\"vertical-align: inherit\"><span style=\"vertical-align: inherit\">Information about the existence of automated decision-making, including profiling<\/span><\/span><\/td>\n<td width=\"302\"><span style=\"vertical-align: inherit\"><span style=\"vertical-align: inherit\">It&#8217;s not happening<\/span><\/span><\/td>\n<\/tr>\n<tr>\n<td width=\"302\"><span style=\"vertical-align: inherit\"><span style=\"vertical-align: inherit\">Categories of affected persons<\/span><\/span><\/td>\n<td width=\"302\">\n<p style=\"text-align: justify\"><span style=\"vertical-align: inherit\"><span style=\"vertical-align: inherit\">A natural person who, as a data subject, within the scope of the purposes defined by the operator, turns to the operator with a request to exercise his rights<\/span><\/span><\/p>\n<\/td>\n<\/tr>\n<tr>\n<td width=\"302\"><span style=\"vertical-align: inherit\"><span style=\"vertical-align: inherit\">Category of personal data<\/span><\/span><\/td>\n<td width=\"302\">\n<p style=\"text-align: justify\"><span style=\"vertical-align: inherit\"><span style=\"vertical-align: inherit\">Personal data related to the processing of applications by which the affected persons have exercised their rights, in particular the title, first name, last name, address, signature and other personal data to which the applied right of the affected person applies.<\/span><\/span><\/p>\n<\/td>\n<\/tr>\n<\/tbody>\n<\/table>\n<p style=\"text-align: left\"><span style=\"vertical-align: inherit\"><span style=\"vertical-align: inherit\">6. CONTRACTUAL RELATIONS<\/span><\/span><\/p>\n<table>\n<tbody>\n<tr>\n<td width=\"302\"><span style=\"vertical-align: inherit\"><span style=\"vertical-align: inherit\">The purpose of personal data processing<\/span><\/span><\/td>\n<td width=\"302\">\n<p style=\"text-align: justify\"><span style=\"vertical-align: inherit\"><span style=\"vertical-align: inherit\">Within the subject information system, personal data of a natural person as one of the contracting parties is processed. <\/span><span style=\"vertical-align: inherit\">Contractual relations are prepared and concluded in IS Contractual relations for the provision of accommodation and related services.<\/span><\/span><\/p>\n<\/td>\n<\/tr>\n<tr>\n<td width=\"302\"><span style=\"vertical-align: inherit\"><span style=\"vertical-align: inherit\">Legal basis<\/span><\/span><\/td>\n<td width=\"302\">\n<p style=\"text-align: justify\"><span style=\"vertical-align: inherit\"><span style=\"vertical-align: inherit\">The Constitution of the Slovak Republic, SNR Act No. <\/span><span style=\"vertical-align: inherit\">513\/1991 Coll. <\/span><span style=\"vertical-align: inherit\">Commercial Code, SNR Act No. <\/span><span style=\"vertical-align: inherit\">40\/1964 Coll. <\/span><span style=\"vertical-align: inherit\">Civil Code<\/span><\/span><\/p>\n<\/td>\n<\/tr>\n<tr>\n<td width=\"302\"><span style=\"vertical-align: inherit\"><span style=\"vertical-align: inherit\">Categories of beneficiaries<\/span><\/span><\/td>\n<td width=\"302\"><span style=\"vertical-align: inherit\"><span style=\"vertical-align: inherit\">They are not<\/span><\/span><\/td>\n<\/tr>\n<tr>\n<td width=\"302\"><span style=\"vertical-align: inherit\"><span style=\"vertical-align: inherit\">Cross-border transfer of persons. <\/span><span style=\"vertical-align: inherit\">data<\/span><\/span><\/td>\n<td width=\"302\"><span style=\"vertical-align: inherit\"><span style=\"vertical-align: inherit\">It&#8217;s not happening<\/span><\/span><\/td>\n<\/tr>\n<tr>\n<td width=\"302\"><span style=\"vertical-align: inherit\"><span style=\"vertical-align: inherit\">Deadlines for deleting os. <\/span><span style=\"vertical-align: inherit\">data<\/span><\/span><\/td>\n<td width=\"302\">\n<p style=\"text-align: justify\"><span style=\"vertical-align: inherit\"><span style=\"vertical-align: inherit\">5 years from the completion of the contract<\/span><\/span><\/p>\n<\/td>\n<\/tr>\n<tr>\n<td width=\"302\">\n<p style=\"text-align: justify\"><span style=\"vertical-align: inherit\"><span style=\"vertical-align: inherit\">Information about the existence of automated decision-making, including profiling<\/span><\/span><\/p>\n<\/td>\n<td width=\"302\"><span style=\"vertical-align: inherit\"><span style=\"vertical-align: inherit\">It&#8217;s not happening<\/span><\/span><\/td>\n<\/tr>\n<tr>\n<td width=\"302\"><span style=\"vertical-align: inherit\"><span style=\"vertical-align: inherit\">Categories of affected persons<\/span><\/span><\/td>\n<td width=\"302\"><span style=\"vertical-align: inherit\"><span style=\"vertical-align: inherit\">Contracting party \u2013 natural person<\/span><\/span><\/td>\n<\/tr>\n<tr>\n<td width=\"302\"><span style=\"vertical-align: inherit\"><span style=\"vertical-align: inherit\">Category of personal data<\/span><\/span><\/td>\n<td width=\"302\">\n<p style=\"text-align: justify\"><span style=\"vertical-align: inherit\"><span style=\"vertical-align: inherit\">Personal data to the extent necessary, especially title, first name, last name, date of birth, permanent residence \/ temporary residence, phone number. <\/span><span style=\"vertical-align: inherit\">no., e-mail, account number, signature, address<\/span><\/span><\/p>\n<\/td>\n<\/tr>\n<\/tbody>\n<\/table>\n<p style=\"text-align: left\"><span style=\"vertical-align: inherit\"><span style=\"vertical-align: inherit\">7. PROMOTION OF THE OPERATOR<\/span><\/span><\/p>\n<table>\n<tbody>\n<tr>\n<td width=\"302\"><span style=\"vertical-align: inherit\"><span style=\"vertical-align: inherit\">The purpose of personal data processing<\/span><\/span><\/td>\n<td width=\"302\">\n<p style=\"text-align: justify\"><span style=\"vertical-align: inherit\"><span style=\"vertical-align: inherit\">Promotion of the operator, publication of information about the activities of the operator (e.g. about organized events, etc.) with the intention of building its good name. <\/span><span style=\"vertical-align: inherit\">Promotion takes place on the website of the operator, on the intranet and also in the internal premises of the operator.<\/span><\/span><\/p>\n<\/td>\n<\/tr>\n<tr>\n<td width=\"302\"><span style=\"vertical-align: inherit\"><span style=\"vertical-align: inherit\">Legal basis<\/span><\/span><\/td>\n<td width=\"302\">\n<p style=\"text-align: justify\"><span style=\"vertical-align: inherit\"><span style=\"vertical-align: inherit\">The consent of the person concerned pursuant to Article 6, paragraph <\/span><span style=\"vertical-align: inherit\">1 letter <\/span><span style=\"vertical-align: inherit\">a) Regulations and the Act on the Protection of Personal Data, while the person concerned has the right to withdraw his consent at any time. <\/span><span style=\"vertical-align: inherit\">Withdrawal of consent does not affect the lawfulness of processing based on consent prior to its withdrawal.<\/span><\/span><\/p>\n<\/td>\n<\/tr>\n<tr>\n<td width=\"302\"><span style=\"vertical-align: inherit\"><span style=\"vertical-align: inherit\">Categories of beneficiaries<\/span><\/span><\/td>\n<td width=\"302\"><span style=\"vertical-align: inherit\"><span style=\"vertical-align: inherit\">They are not<\/span><\/span><\/td>\n<\/tr>\n<tr>\n<td width=\"302\"><span style=\"vertical-align: inherit\"><span style=\"vertical-align: inherit\">Cross-border transfer of personal data<\/span><\/span><\/td>\n<td width=\"302\"><span style=\"vertical-align: inherit\"><span style=\"vertical-align: inherit\">It&#8217;s not happening<\/span><\/span><\/td>\n<\/tr>\n<tr>\n<td width=\"302\"><span style=\"vertical-align: inherit\"><span style=\"vertical-align: inherit\">Deadlines for deleting os. <\/span><span style=\"vertical-align: inherit\">data<\/span><\/span><\/td>\n<td width=\"302\"><span style=\"vertical-align: inherit\"><span style=\"vertical-align: inherit\">30 days from withdrawal of consent<\/span><\/span><\/td>\n<\/tr>\n<tr>\n<td width=\"302\">\n<p style=\"text-align: justify\"><span style=\"vertical-align: inherit\"><span style=\"vertical-align: inherit\">Information about the existence of automated decision-making, including profiling<\/span><\/span><\/p>\n<\/td>\n<td width=\"302\"><span style=\"vertical-align: inherit\"><span style=\"vertical-align: inherit\">It&#8217;s not happening<\/span><\/span><\/td>\n<\/tr>\n<tr>\n<td width=\"302\"><span style=\"vertical-align: inherit\"><span style=\"vertical-align: inherit\">Categories of affected persons<\/span><\/span><\/td>\n<td width=\"302\">\n<p style=\"text-align: justify\"><span style=\"vertical-align: inherit\"><span style=\"vertical-align: inherit\">Employees of the operator, accommodated guests, restaurant customers, participating persons<\/span><\/span><\/p>\n<\/td>\n<\/tr>\n<tr>\n<td width=\"302\"><span style=\"vertical-align: inherit\"><span style=\"vertical-align: inherit\">Category of personal data<\/span><\/span><\/td>\n<td width=\"302\">\n<p style=\"text-align: justify\"><span style=\"vertical-align: inherit\"><span style=\"vertical-align: inherit\">Personal data to the extent necessary, especially title, first name, last name, function \/ job title, photo, video and other personal data in order to achieve the purpose of processing<\/span><\/span><\/p>\n<\/td>\n<\/tr>\n<\/tbody>\n<\/table>\n<p style=\"text-align: left\"><span style=\"vertical-align: inherit\"><span style=\"vertical-align: inherit\">8. MARKETING<\/span><\/span><\/p>\n<table>\n<tbody>\n<tr>\n<td width=\"302\"><span style=\"vertical-align: inherit\"><span style=\"vertical-align: inherit\">The purpose of personal data processing<\/span><\/span><\/td>\n<td width=\"302\">\n<p style=\"text-align: justify\"><span style=\"vertical-align: inherit\"><span style=\"vertical-align: inherit\">The purpose of processing personal data is to send marketing offers via e-mail\/newsletter (e.g. about promotional stays, etc.)<\/span><\/span><\/p>\n<\/td>\n<\/tr>\n<tr>\n<td width=\"302\"><span style=\"vertical-align: inherit\"><span style=\"vertical-align: inherit\">Legal basis<\/span><\/span><\/td>\n<td width=\"302\"><span style=\"vertical-align: inherit\"><span style=\"vertical-align: inherit\">Legitimate interest in the sense of Article 6 par. <\/span><span style=\"vertical-align: inherit\">1 letter <\/span><span style=\"vertical-align: inherit\">f) Regulations. <\/span><span style=\"vertical-align: inherit\">The consent of the person concerned pursuant to Article 6, paragraph <\/span><span style=\"vertical-align: inherit\">1 letter <\/span><span style=\"vertical-align: inherit\">a) Regulations and the Act on the Protection of Personal Data, while the person concerned has the right to withdraw his consent at any time. <\/span><span style=\"vertical-align: inherit\">Withdrawal of consent does not affect the lawfulness of processing based on consent prior to its withdrawal.<\/span><\/span><\/td>\n<\/tr>\n<tr>\n<td width=\"302\"><span style=\"vertical-align: inherit\"><span style=\"vertical-align: inherit\">Categories of beneficiaries<\/span><\/span><\/td>\n<td width=\"302\">\n<p style=\"text-align: justify\"><span style=\"vertical-align: inherit\"><span style=\"vertical-align: inherit\">Intermediaries &#8211; mainly marketing and advertising agencies, software\/IT service providers<\/span><\/span><\/p>\n<\/td>\n<\/tr>\n<tr>\n<td width=\"302\"><span style=\"vertical-align: inherit\"><span style=\"vertical-align: inherit\">Cross-border transfer of persons. <\/span><span style=\"vertical-align: inherit\">data<\/span><\/span><\/td>\n<td width=\"302\"><span style=\"vertical-align: inherit\"><span style=\"vertical-align: inherit\">It&#8217;s not happening<\/span><\/span><\/td>\n<\/tr>\n<tr>\n<td width=\"302\"><span style=\"vertical-align: inherit\"><span style=\"vertical-align: inherit\">Deadlines for deleting os. <\/span><span style=\"vertical-align: inherit\">data<\/span><\/span><\/td>\n<td width=\"302\"><span style=\"vertical-align: inherit\"><span style=\"vertical-align: inherit\">30 days from withdrawal of consent<\/span><\/span><\/td>\n<\/tr>\n<tr>\n<td width=\"302\">\n<p style=\"text-align: justify\"><span style=\"vertical-align: inherit\"><span style=\"vertical-align: inherit\">Information about the existence of automated decision-making, including profiling<\/span><\/span><\/p>\n<\/td>\n<td width=\"302\"><span style=\"vertical-align: inherit\"><span style=\"vertical-align: inherit\">It&#8217;s not happening<\/span><\/span><\/td>\n<\/tr>\n<tr>\n<td width=\"302\"><span style=\"vertical-align: inherit\"><span style=\"vertical-align: inherit\">Categories of affected persons<\/span><\/span><\/td>\n<td width=\"302\"><span style=\"vertical-align: inherit\"><span style=\"vertical-align: inherit\">Natural persons &#8211; accommodated guests, potential guests, customers<\/span><\/span><\/td>\n<\/tr>\n<tr>\n<td width=\"302\"><span style=\"vertical-align: inherit\"><span style=\"vertical-align: inherit\">Category of personal data<\/span><\/span><\/td>\n<td width=\"302\"><span style=\"vertical-align: inherit\"><span style=\"vertical-align: inherit\">Name, surname, email address<\/span><\/span><\/td>\n<\/tr>\n<\/tbody>\n<\/table>\n<p style=\"text-align: left\"><span style=\"vertical-align: inherit\"><span style=\"vertical-align: inherit\">9. ECONOMICS, ACCOUNTING DOCUMENTS<\/span><\/span><\/p>\n<table>\n<tbody>\n<tr>\n<td width=\"302\"><span style=\"vertical-align: inherit\"><span style=\"vertical-align: inherit\">The purpose of personal data processing<\/span><\/span><\/td>\n<td width=\"302\">\n<p style=\"text-align: justify\"><span style=\"vertical-align: inherit\"><span style=\"vertical-align: inherit\">Economic agenda and processing of accounting documents, in particular &#8211; contracts, orders, processing of incoming invoices and invoicing to customers (guests).<\/span><\/span><\/p>\n<\/td>\n<\/tr>\n<tr>\n<td width=\"302\"><span style=\"vertical-align: inherit\"><span style=\"vertical-align: inherit\">Legal basis<\/span><\/span><\/td>\n<td width=\"302\">\n<p style=\"text-align: justify\"><span style=\"vertical-align: inherit\"><span style=\"vertical-align: inherit\">The legal basis for the processing of personal data in the subject IS is represented by Act no. <\/span><span style=\"vertical-align: inherit\">460\/1992 Coll. <\/span><span style=\"vertical-align: inherit\">The Constitution of the Slovak Republic, as amended, Act No. <\/span><span style=\"vertical-align: inherit\">513\/1991 Coll. <\/span><span style=\"vertical-align: inherit\">Commercial Code as amended, Act NR SR no. <\/span><span style=\"vertical-align: inherit\">431\/2002 Coll. <\/span><span style=\"vertical-align: inherit\">on accounting, as amended, Act no. <\/span><span style=\"vertical-align: inherit\">222\/2004 Coll. <\/span><span style=\"vertical-align: inherit\">on value added tax as amended, the Personal Data Protection Act and related legal regulations as amended, Act No. <\/span><span style=\"vertical-align: inherit\">145\/1995 Coll. <\/span><span style=\"vertical-align: inherit\">on administrative fees, as amended, by Act NR SR no. <\/span><span style=\"vertical-align: inherit\">595\/2003 Coll. <\/span><span style=\"vertical-align: inherit\">on income tax, as amended, by Act NR SR no. <\/span><span style=\"vertical-align: inherit\">461\/2003 Coll. <\/span><span style=\"vertical-align: inherit\">on social insurance, as amended, by Act of the NR SR no. <\/span><span style=\"vertical-align: inherit\">563\/2009 Coll. <\/span><span style=\"vertical-align: inherit\">on tax administration (tax code), as amended, Act no. <\/span><span style=\"vertical-align: inherit\">40\/1964 Coll. <\/span><span style=\"vertical-align: inherit\">Civil Code as amended, Act No. <\/span><span style=\"vertical-align: inherit\">311\/2001 Coll. <\/span><span style=\"vertical-align: inherit\">Labor Code as amended<\/span><\/span><\/p>\n<\/td>\n<\/tr>\n<tr>\n<td width=\"302\"><span style=\"vertical-align: inherit\"><span style=\"vertical-align: inherit\">Categories of beneficiaries<\/span><\/span><\/td>\n<td width=\"302\">\n<p style=\"text-align: justify\"><span style=\"vertical-align: inherit\"><span style=\"vertical-align: inherit\">Bodies of state administration, public power and public administration according to relevant legal regulations. <\/span><span style=\"vertical-align: inherit\">Intermediary &#8211; contractual partner who ensures the accounting agenda for the operator<\/span><\/span><\/p>\n<\/td>\n<\/tr>\n<tr>\n<td width=\"302\"><span style=\"vertical-align: inherit\"><span style=\"vertical-align: inherit\">Cross-border transfer of persons. <\/span><span style=\"vertical-align: inherit\">data<\/span><\/span><\/td>\n<td width=\"302\"><span style=\"vertical-align: inherit\"><span style=\"vertical-align: inherit\">It&#8217;s not happening<\/span><\/span><\/td>\n<\/tr>\n<tr>\n<td width=\"302\"><span style=\"vertical-align: inherit\"><span style=\"vertical-align: inherit\">Deadlines for deleting os. <\/span><span style=\"vertical-align: inherit\">data<\/span><\/span><\/td>\n<td width=\"302\"><span style=\"vertical-align: inherit\"><span style=\"vertical-align: inherit\">10 years<\/span><\/span><\/td>\n<\/tr>\n<tr>\n<td width=\"302\">\n<p style=\"text-align: justify\"><span style=\"vertical-align: inherit\"><span style=\"vertical-align: inherit\">Information about the existence of automated decision-making, including profiling<\/span><\/span><\/p>\n<\/td>\n<td width=\"302\"><span style=\"vertical-align: inherit\"><span style=\"vertical-align: inherit\">It&#8217;s not happening<\/span><\/span><\/td>\n<\/tr>\n<tr>\n<td width=\"302\"><span style=\"vertical-align: inherit\"><span style=\"vertical-align: inherit\">Categories of affected persons<\/span><\/span><\/td>\n<td width=\"302\"><span style=\"vertical-align: inherit\"><span style=\"vertical-align: inherit\">&#8211; natural persons &#8211; interested in accommodation, accommodated guests<\/span><\/span><\/p>\n<p><span style=\"vertical-align: inherit\"><span style=\"vertical-align: inherit\">&#8211; employees of suppliers and customers,<\/span><\/span><\/p>\n<p><span style=\"vertical-align: inherit\"><span style=\"vertical-align: inherit\">&#8211; representatives of suppliers and customers<\/span><\/span><\/p>\n<p><span style=\"vertical-align: inherit\"><span style=\"vertical-align: inherit\">&#8211; intermediary &#8211; contractual partner of the operator who ensures the accounting agenda<\/span><\/span><\/p>\n<p><span style=\"vertical-align: inherit\"><span style=\"vertical-align: inherit\">&#8211; restaurant customers<\/span><\/span><\/td>\n<\/tr>\n<tr>\n<td width=\"302\"><span style=\"vertical-align: inherit\"><span style=\"vertical-align: inherit\">Category of personal data<\/span><\/span><\/td>\n<td width=\"302\">\n<p style=\"text-align: justify\"><span style=\"vertical-align: inherit\"><span style=\"vertical-align: inherit\">Personal data related to the management of accounting documents, in particular title, first name, last name, address of permanent residence, address of temporary residence, telephone number, e-mail address, date of birth, social security number, type and number of identity document, signature, account number<\/span><\/span><\/p>\n<\/td>\n<\/tr>\n<\/tbody>\n<\/table>\n<p style=\"text-align: left\"><span style=\"vertical-align: inherit\"><span style=\"vertical-align: inherit\">10. LEGAL RELATIONSHIPS AND CLAIM ENFORCEMENT<\/span><\/span><\/p>\n<table>\n<tbody>\n<tr>\n<td width=\"302\"><span style=\"vertical-align: inherit\"><span style=\"vertical-align: inherit\">The purpose of personal data processing<\/span><\/span><\/td>\n<td width=\"302\">\n<p style=\"text-align: justify\"><span style=\"vertical-align: inherit\"><span style=\"vertical-align: inherit\">Ensuring management of the legal agenda (e.g. first-instance proceedings, settlement of remedies, settlement of court disputes, representation in legal matters, application of decisions on compensation for damages, recovery of compensation for damages, application of contractual obligations, design of measures with organizational-legal impact, etc.).<\/span><\/span><\/p>\n<\/td>\n<\/tr>\n<tr>\n<td width=\"302\"><span style=\"vertical-align: inherit\"><span style=\"vertical-align: inherit\">Legal basis<\/span><\/span><\/td>\n<td width=\"302\">\n<p style=\"text-align: justify\"><span style=\"vertical-align: inherit\"><span style=\"vertical-align: inherit\">The legal basis for personal data processing is Act No. <\/span><span style=\"vertical-align: inherit\">460\/1992 Coll. <\/span><span style=\"vertical-align: inherit\">The Constitution of the Slovak Republic, as amended, Act No. <\/span><span style=\"vertical-align: inherit\">40\/1964 Coll. <\/span><span style=\"vertical-align: inherit\">Civil Code, as amended, Act No. <\/span><span style=\"vertical-align: inherit\">99\/1963 Coll. <\/span><span style=\"vertical-align: inherit\">Civil Code of Court, Act of the Slovak Republic No. <\/span><span style=\"vertical-align: inherit\">300\/2005 Coll. <\/span><span style=\"vertical-align: inherit\">Criminal Code, Act NR SR no. <\/span><span style=\"vertical-align: inherit\">301\/2005 Coll. <\/span><span style=\"vertical-align: inherit\">Criminal Code, SNR Act No. <\/span><span style=\"vertical-align: inherit\">71\/1967 Administrative Procedure, Act No. <\/span><span style=\"vertical-align: inherit\">233\/1995 Coll. <\/span><span style=\"vertical-align: inherit\">on court bailiffs and enforcement activities (Executive Regulations) and on amendments and additions to certain laws as amended, Act of the National Assembly of the Slovak Republic No. <\/span><span style=\"vertical-align: inherit\">7\/2005 Coll. <\/span><span style=\"vertical-align: inherit\">on bankruptcy and restructuring and on the amendment and supplementation of certain laws as amended, Act of the National Assembly of the Slovak Republic no. <\/span><span style=\"vertical-align: inherit\">153\/2001 Coll. <\/span><span style=\"vertical-align: inherit\">on the Prosecutor&#8217;s Office, as amended, Act of the National Assembly of the Slovak Republic No. <\/span><span style=\"vertical-align: inherit\">372\/1990 Coll. <\/span><span style=\"vertical-align: inherit\">on offenses as amended, Act no. <\/span><span style=\"vertical-align: inherit\">586\/2003 Coll. on Advocacy and on Amendments to Act No. <\/span><span style=\"vertical-align: inherit\">455\/1991 Coll. <\/span><span style=\"vertical-align: inherit\">on trade (Trade Act) as amended, the Personal Data Protection Act and related legal regulations as amended. <\/span><span style=\"vertical-align: inherit\">Act of the NR SR no. <\/span><span style=\"vertical-align: inherit\">311\/2001 Coll. Labor Code as amended.<\/span><\/span><\/p>\n<\/td>\n<\/tr>\n<tr>\n<td width=\"302\"><span style=\"vertical-align: inherit\"><span style=\"vertical-align: inherit\">Categories of beneficiaries<\/span><\/span><\/td>\n<td width=\"302\"><span style=\"vertical-align: inherit\"><span style=\"vertical-align: inherit\">&#8211; the courts<\/span><\/span><\/p>\n<p><span style=\"vertical-align: inherit\"><span style=\"vertical-align: inherit\">&#8211; enforcement authorities,<\/span><\/span><\/p>\n<p><span style=\"vertical-align: inherit\"><span style=\"vertical-align: inherit\">&#8211; bodies of state administration, public authority and public administration according to relevant legal regulations<\/span><\/span><\/td>\n<\/tr>\n<tr>\n<td width=\"302\"><span style=\"vertical-align: inherit\"><span style=\"vertical-align: inherit\">Cross-border transfer of persons. <\/span><span style=\"vertical-align: inherit\">data<\/span><\/span><\/td>\n<td width=\"302\"><span style=\"vertical-align: inherit\"><span style=\"vertical-align: inherit\">It&#8217;s not happening<\/span><\/span><\/td>\n<\/tr>\n<tr>\n<td width=\"302\"><span style=\"vertical-align: inherit\"><span style=\"vertical-align: inherit\">Deadlines for deleting os. <\/span><span style=\"vertical-align: inherit\">data<\/span><\/span><\/td>\n<td width=\"302\"><span style=\"vertical-align: inherit\"><span style=\"vertical-align: inherit\">10 years<\/span><\/span><\/td>\n<\/tr>\n<tr>\n<td width=\"302\">\n<p style=\"text-align: justify\"><span style=\"vertical-align: inherit\"><span style=\"vertical-align: inherit\">Information about the existence of automated decision-making, including profiling<\/span><\/span><\/p>\n<\/td>\n<td width=\"302\"><span style=\"vertical-align: inherit\"><span style=\"vertical-align: inherit\">It&#8217;s not happening<\/span><\/span><\/td>\n<\/tr>\n<tr>\n<td width=\"302\"><span style=\"vertical-align: inherit\"><span style=\"vertical-align: inherit\">Categories of affected persons<\/span><\/span><\/td>\n<td width=\"302\"><span style=\"vertical-align: inherit\"><span style=\"vertical-align: inherit\">&#8211; accommodated guests &#8211; debtors,<\/span><\/span><\/p>\n<p><span style=\"vertical-align: inherit\"><span style=\"vertical-align: inherit\">&#8211; restaurant customers &#8211; debtors,<\/span><\/span><\/p>\n<p><span style=\"vertical-align: inherit\"><span style=\"vertical-align: inherit\">&#8211; counterparties in disputes,<\/span><\/span><\/p>\n<p><span style=\"vertical-align: inherit\"><span style=\"vertical-align: inherit\">&#8211; other natural persons in the position of participants in the proceedings<\/span><\/span><\/td>\n<\/tr>\n<\/tbody>\n<\/table>\n<table>\n<tbody>\n<tr>\n<td width=\"302\"><span style=\"vertical-align: inherit\"><span style=\"vertical-align: inherit\">Categories of personal data<\/span><\/span><\/td>\n<td width=\"302\">\n<p style=\"text-align: justify\"><span style=\"vertical-align: inherit\"><span style=\"vertical-align: inherit\">Personal data related to the handling of disputes, in particular name, surname, address of permanent residence or residence, date of birth or other identification data, telephone number, e-mail address<\/span><\/span><\/p>\n<\/td>\n<\/tr>\n<\/tbody>\n<\/table>\n<p style=\"text-align: left\"><span style=\"vertical-align: inherit\"><span style=\"vertical-align: inherit\">11. COMPLAINTS<\/span><\/span><\/p>\n<table>\n<tbody>\n<tr>\n<td width=\"302\"><span style=\"vertical-align: inherit\"><span style=\"vertical-align: inherit\">The purpose of personal data processing<\/span><\/span><\/td>\n<td width=\"302\">\n<p style=\"text-align: justify\"><span style=\"vertical-align: inherit\"><span style=\"vertical-align: inherit\">Dealing with complaints, i.e. carrying out procedures for their submission, registration, reception, investigation and written notification of the result of investigation of complaints or review of complaints.<\/span><\/span><\/p>\n<\/td>\n<\/tr>\n<tr>\n<td width=\"302\"><span style=\"vertical-align: inherit\"><span style=\"vertical-align: inherit\">Legal basis<\/span><\/span><\/td>\n<td width=\"302\"><span style=\"vertical-align: inherit\"><span style=\"vertical-align: inherit\">Law no. <\/span><span style=\"vertical-align: inherit\">9\/2010 Z. z. <\/span><span style=\"vertical-align: inherit\">on complaints as amended<\/span><\/span><\/td>\n<\/tr>\n<tr>\n<td width=\"302\"><span style=\"vertical-align: inherit\"><span style=\"vertical-align: inherit\">Categories of beneficiaries<\/span><\/span><\/td>\n<td width=\"302\"><span style=\"vertical-align: inherit\"><span style=\"vertical-align: inherit\">The complainant and other natural persons to whom the complaint relates<\/span><\/span><\/td>\n<\/tr>\n<tr>\n<td width=\"302\"><span style=\"vertical-align: inherit\"><span style=\"vertical-align: inherit\">Cross-border transfer of persons. <\/span><span style=\"vertical-align: inherit\">data<\/span><\/span><\/td>\n<td width=\"302\"><span style=\"vertical-align: inherit\"><span style=\"vertical-align: inherit\">It&#8217;s not happening<\/span><\/span><\/td>\n<\/tr>\n<tr>\n<td width=\"302\"><span style=\"vertical-align: inherit\"><span style=\"vertical-align: inherit\">Deadlines for deleting os. <\/span><span style=\"vertical-align: inherit\">data<\/span><\/span><\/td>\n<td width=\"302\"><span style=\"vertical-align: inherit\"><span style=\"vertical-align: inherit\">6 months from the date of handling the complaint<\/span><\/span><\/td>\n<\/tr>\n<tr>\n<td width=\"302\"><span style=\"vertical-align: inherit\"><span style=\"vertical-align: inherit\">Information about the existence of automated decision-making, including profiling<\/span><\/span><\/td>\n<td width=\"302\"><span style=\"vertical-align: inherit\"><span style=\"vertical-align: inherit\">It&#8217;s not happening<\/span><\/span><\/td>\n<\/tr>\n<tr>\n<td width=\"302\"><span style=\"vertical-align: inherit\"><span style=\"vertical-align: inherit\">Categories of affected persons<\/span><\/span><\/td>\n<td width=\"302\"><span style=\"vertical-align: inherit\"><span style=\"vertical-align: inherit\">&#8211; natural persons \u2013 complainant,<\/span><\/span><\/p>\n<p><span style=\"vertical-align: inherit\"><span style=\"vertical-align: inherit\">&#8211; the person to whom the complaint concerns,<\/span><\/span><\/p>\n<p><span style=\"vertical-align: inherit\"><span style=\"vertical-align: inherit\">&#8211; other natural persons whose personal data are necessary for handling complaints<\/span><\/span><\/td>\n<\/tr>\n<tr>\n<td width=\"302\"><span style=\"vertical-align: inherit\"><span style=\"vertical-align: inherit\">Category of personal data<\/span><\/span><\/td>\n<td width=\"302\">\n<p style=\"text-align: justify\"><span style=\"vertical-align: inherit\"><span style=\"vertical-align: inherit\">Personal data related to the handling and investigation of complaints, in particular the name, surname, address of permanent or temporary residence of the complainant, address of the complainant for delivery in electronic form, other personal data found or submitted during the handling of the complaint and which are necessary to achieve the purpose of processing Special categories of personal data according to Art. <\/span><span style=\"vertical-align: inherit\">9 par. <\/span><span style=\"vertical-align: inherit\">1 of Regulation No. <\/span><span style=\"vertical-align: inherit\">2016\/679 (GDPR) or \u00a7 16 par. <\/span><span style=\"vertical-align: inherit\">1 of Act no. <\/span><span style=\"vertical-align: inherit\">18\/2018 Coll. <\/span><span style=\"vertical-align: inherit\">on the protection of personal data may be the subject of processing if they are the subject of a complaint or discovered during the processing of a complaint Personal data related to recognition of guilt for criminal acts, misdemeanors according to Art. <\/span><span style=\"vertical-align: inherit\">10 of Regulation no. <\/span><span style=\"vertical-align: inherit\">2016\/679 (GDPR) or \u00a7 17 of Act no. <\/span><span style=\"vertical-align: inherit\">18\/2018 Coll. <\/span><span style=\"vertical-align: inherit\">on the protection of personal data may be subject to processing if they are the subject of a complaint or discovered during the handling of a complaint<\/span><\/span><\/p>\n<\/td>\n<\/tr>\n<\/tbody>\n<\/table>\n<p style=\"text-align: left\"><span style=\"vertical-align: inherit\"><span style=\"vertical-align: inherit\">12. ADMINISTRATION OF THE REGISTRY<\/span><\/span><\/p>\n<table>\n<tbody>\n<tr>\n<td width=\"302\"><span style=\"vertical-align: inherit\"><span style=\"vertical-align: inherit\">Purpose of processing<\/span><\/span><\/td>\n<td width=\"302\"><span style=\"vertical-align: inherit\"><span style=\"vertical-align: inherit\">Management of incoming and outgoing mail (registry management)<\/span><\/span><\/td>\n<\/tr>\n<tr>\n<td width=\"302\"><span style=\"vertical-align: inherit\"><span style=\"vertical-align: inherit\">Legal basis<\/span><\/span><\/td>\n<td width=\"302\">\n<p style=\"text-align: justify\"><span style=\"vertical-align: inherit\"><span style=\"vertical-align: inherit\">Law no. <\/span><span style=\"vertical-align: inherit\">395\/2002 Coll. <\/span><span style=\"vertical-align: inherit\">on archives and registries and on the addition of certain laws as amended, Act No. <\/span><span style=\"vertical-align: inherit\">305\/2013 Coll. <\/span><span style=\"vertical-align: inherit\">on the electronic form of the exercise of the powers of public authorities and on the amendment and supplementation of certain laws (the e-Government Act), as amended<\/span><\/span><\/p>\n<\/td>\n<\/tr>\n<tr>\n<td width=\"302\"><span style=\"vertical-align: inherit\"><span style=\"vertical-align: inherit\">Categories of beneficiaries<\/span><\/span><\/td>\n<td width=\"302\">\n<p style=\"text-align: justify\"><span style=\"vertical-align: inherit\"><span style=\"vertical-align: inherit\">Bodies of state administration, public power and public administration according to relevant legal regulations.<\/span><\/span><\/p>\n<\/td>\n<\/tr>\n<tr>\n<td width=\"302\"><span style=\"vertical-align: inherit\"><span style=\"vertical-align: inherit\">Cross-border transfer<\/span><\/span><\/td>\n<td width=\"302\"><span style=\"vertical-align: inherit\"><span style=\"vertical-align: inherit\">It&#8217;s not happening<\/span><\/span><\/td>\n<\/tr>\n<tr>\n<td width=\"302\"><span style=\"vertical-align: inherit\"><span style=\"vertical-align: inherit\">Deadlines for deleting os. <\/span><span style=\"vertical-align: inherit\">data<\/span><\/span><\/td>\n<td width=\"302\"><span style=\"vertical-align: inherit\"><span style=\"vertical-align: inherit\">3 years<\/span><\/span><\/td>\n<\/tr>\n<tr>\n<td width=\"302\"><span style=\"vertical-align: inherit\"><span style=\"vertical-align: inherit\">Information about the existence of automated decision-making, including profiling<\/span><\/span><\/td>\n<td width=\"302\"><span style=\"vertical-align: inherit\"><span style=\"vertical-align: inherit\">It&#8217;s not happening<\/span><\/span><\/td>\n<\/tr>\n<tr>\n<td width=\"302\"><span style=\"vertical-align: inherit\"><span style=\"vertical-align: inherit\">Categories of affected persons<\/span><\/span><\/td>\n<td width=\"302\"><span style=\"vertical-align: inherit\"><span style=\"vertical-align: inherit\">Senders and recipients of correspondence (natural persons)<\/span><\/span><\/td>\n<\/tr>\n<tr>\n<td width=\"302\"><span style=\"vertical-align: inherit\"><span style=\"vertical-align: inherit\">Category of personal data<\/span><\/span><\/td>\n<td width=\"302\">\n<p style=\"text-align: justify\"><span style=\"vertical-align: inherit\"><span style=\"vertical-align: inherit\">Personal data related to registry management, including delivery to an electronic mailbox, in particular title, name, surname, address, telephone number, e-mail address, subject of correspondence \/ registry entry and other personal data necessary to achieve the purpose<\/span><\/span><\/p>\n<\/td>\n<\/tr>\n<\/tbody>\n<\/table>\n<p style=\"text-align: left\"><span style=\"vertical-align: inherit\"><span style=\"vertical-align: inherit\">13. ADMINISTRATION OF THE REGISTRY<\/span><\/span><\/p>\n<table>\n<tbody>\n<tr>\n<td width=\"302\"><span style=\"vertical-align: inherit\"><span style=\"vertical-align: inherit\">Purpose of processing<\/span><\/span><\/td>\n<td width=\"302\">Chat communication for the purpose of replying and subsequent communication with a specific person<\/td>\n<\/tr>\n<tr>\n<td width=\"302\"><span style=\"vertical-align: inherit\"><span style=\"vertical-align: inherit\">Legal basis<\/span><\/span><\/td>\n<td width=\"302\">\n<p style=\"text-align: justify\">Consent of the data subject pursuant to Article 6(1)(a) of the Regulation and the Personal Data Protection Act, whereby the data subject has the right to withdraw his or her consent at any time. Withdrawal of consent shall not affect the lawfulness of processing based on consent prior to its withdrawal.<\/p>\n<\/td>\n<\/tr>\n<tr>\n<td width=\"302\"><span style=\"vertical-align: inherit\"><span style=\"vertical-align: inherit\">Categories of beneficiaries<\/span><\/span><\/td>\n<td width=\"302\">\n<p style=\"text-align: justify\"><span style=\"vertical-align: inherit\"><span style=\"vertical-align: inherit\">Doesn\u00b4t exist<\/span><\/span><\/p>\n<\/td>\n<\/tr>\n<tr>\n<td width=\"302\"><span style=\"vertical-align: inherit\"><span style=\"vertical-align: inherit\">Cross-border transfer<\/span><\/span><\/td>\n<td width=\"302\"><span style=\"vertical-align: inherit\"><span style=\"vertical-align: inherit\">It&#8217;s not happening<\/span><\/span><\/td>\n<\/tr>\n<tr>\n<td width=\"302\"><span style=\"vertical-align: inherit\"><span style=\"vertical-align: inherit\">Deadlines for deleting os. <\/span><span style=\"vertical-align: inherit\">data<\/span><\/span><\/td>\n<td width=\"302\"><span style=\"vertical-align: inherit\"><span style=\"vertical-align: inherit\">90 days<\/span><\/span><\/td>\n<\/tr>\n<tr>\n<td width=\"302\"><span style=\"vertical-align: inherit\"><span style=\"vertical-align: inherit\">Information about the existence of automated decision-making, including profiling<\/span><\/span><\/td>\n<td width=\"302\"><span style=\"vertical-align: inherit\"><span style=\"vertical-align: inherit\">It&#8217;s not happening<\/span><\/span><\/td>\n<\/tr>\n<tr>\n<td width=\"302\"><span style=\"vertical-align: inherit\"><span style=\"vertical-align: inherit\">Categories of affected persons<\/span><\/span><\/td>\n<td width=\"302\">Individuals &#8211; customers, guests and service seekers<\/td>\n<\/tr>\n<tr>\n<td width=\"302\"><span style=\"vertical-align: inherit\"><span style=\"vertical-align: inherit\">Category of personal data<\/span><\/span><\/td>\n<td width=\"302\">\n<p style=\"text-align: justify\">Personal data to the extent necessary, in particular name, surname, e-mail, telephone number. For the operation of the chat function, chat texts are stored and a cookie with a unique ID is set &#8211; this is used to recognize you as a customer.<\/p>\n<\/td>\n<\/tr>\n<\/tbody>\n<\/table>\n","protected":false},"excerpt":{"rendered":"<p>Operatort of VILLA SANDY Resort, company City Park Center a.s., settled 10, 040 01 Ko\u0161ice, I\u010cO: 36 213 624, As the operator of the information system, you publish compliance with the principle of fairness and transparency towards the data subjects concerned in this statement on the protection of personal data under the name.: INFORMATION OBLIGATION [&hellip;]<\/p>\n","protected":false},"author":13,"featured_media":0,"parent":0,"menu_order":200,"comment_status":"closed","ping_status":"closed","template":"","meta":{"footnotes":""},"class_list":["post-146","page","type-page","status-publish","hentry"],"yoast_head":"<!-- This site is optimized with the Yoast SEO plugin v27.3 - https:\/\/yoast.com\/product\/yoast-seo-wordpress\/ -->\n<title>Adatv\u00e9delem - Villa Sandy City Park Resort -<\/title>\n<meta name=\"description\" content=\"Operatort of VILLA SANDY Resort, company City Park Center a.s., settled 10, 040 01 Ko\u0161ice, I\u010cO: 36 213 624, As the operator of the information system, you publish compliance with the principle of fairness and transparency towards the data subjects concerned in this statement on the protection of personal data under the name.: INFORMATION OBLIGATION OF THE OPERATOR  in accordance with Articles 13, 14 and the relevant Recitals of the Regulation of the European Parliament and the Council (EU) 2016\/679 on the protection of natural persons in the processing of personal data and on the free movement of such data (hereinafter referred to as the &quot;Regulation&quot;) and the Act of the National Council of Slovak Republic no. 18\/2018 Coll\" \/>\n<meta name=\"robots\" content=\"index, follow, max-snippet:-1, max-image-preview:large, max-video-preview:-1\" \/>\n<link rel=\"canonical\" href=\"https:\/\/www.villasandyresort.com\/hu\/adatvedelem\/\" \/>\n<meta property=\"og:locale\" content=\"hu_HU\" \/>\n<meta property=\"og:type\" content=\"article\" \/>\n<meta property=\"og:title\" content=\"Adatv\u00e9delem - Villa Sandy City Park Resort -\" \/>\n<meta property=\"og:description\" content=\"Operatort of VILLA SANDY Resort, company City Park Center a.s., settled 10, 040 01 Ko\u0161ice, I\u010cO: 36 213 624, As the operator of the information system, you publish compliance with the principle of fairness and transparency towards the data subjects concerned in this statement on the protection of personal data under the name.: INFORMATION OBLIGATION OF THE OPERATOR  in accordance with Articles 13, 14 and the relevant Recitals of the Regulation of the European Parliament and the Council (EU) 2016\/679 on the protection of natural persons in the processing of personal data and on the free movement of such data (hereinafter referred to as the &quot;Regulation&quot;) and the Act of the National Council of Slovak Republic no. 18\/2018 Coll\" \/>\n<meta property=\"og:url\" content=\"https:\/\/www.villasandyresort.com\/hu\/adatvedelem\/\" \/>\n<meta property=\"og:site_name\" content=\"Villa Sandy City Park Resort\" \/>\n<meta property=\"article:modified_time\" content=\"2025-03-25T07:45:42+00:00\" \/>\n<meta name=\"twitter:card\" content=\"summary_large_image\" \/>\n<meta name=\"twitter:label1\" content=\"Becs\u00fclt olvas\u00e1si id\u0151\" \/>\n\t<meta name=\"twitter:data1\" content=\"14 perc\" \/>\n<script type=\"application\/ld+json\" class=\"yoast-schema-graph\">{\"@context\":\"https:\\\/\\\/schema.org\",\"@graph\":[{\"@type\":\"WebPage\",\"@id\":\"https:\\\/\\\/www.villasandyresort.com\\\/hu\\\/adatvedelem\\\/\",\"url\":\"https:\\\/\\\/www.villasandyresort.com\\\/hu\\\/adatvedelem\\\/\",\"name\":\"Adatv\u00e9delem - Villa Sandy City Park Resort -\",\"isPartOf\":{\"@id\":\"https:\\\/\\\/www.villasandyresort.com\\\/hu\\\/#website\"},\"datePublished\":\"2023-11-27T10:43:59+00:00\",\"dateModified\":\"2025-03-25T07:45:42+00:00\",\"description\":\"Operatort of VILLA SANDY Resort, company City Park Center a.s., settled 10, 040 01 Ko\u0161ice, I\u010cO: 36 213 624, As the operator of the information system, you publish compliance with the principle of fairness and transparency towards the data subjects concerned in this statement on the protection of personal data under the name.: INFORMATION OBLIGATION OF THE OPERATOR in accordance with Articles 13, 14 and the relevant Recitals of the Regulation of the European Parliament and the Council (EU) 2016\\\/679 on the protection of natural persons in the processing of personal data and on the free movement of such data (hereinafter referred to as the \\\"Regulation\\\") and the Act of the National Council of Slovak Republic no. 18\\\/2018 Coll\",\"breadcrumb\":{\"@id\":\"https:\\\/\\\/www.villasandyresort.com\\\/hu\\\/adatvedelem\\\/#breadcrumb\"},\"inLanguage\":\"hu\",\"potentialAction\":[{\"@type\":\"ReadAction\",\"target\":[\"https:\\\/\\\/www.villasandyresort.com\\\/hu\\\/adatvedelem\\\/\"]}]},{\"@type\":\"BreadcrumbList\",\"@id\":\"https:\\\/\\\/www.villasandyresort.com\\\/hu\\\/adatvedelem\\\/#breadcrumb\",\"itemListElement\":[{\"@type\":\"ListItem\",\"position\":1,\"name\":\"Home\",\"item\":\"https:\\\/\\\/www.villasandyresort.com\\\/hu\\\/\"},{\"@type\":\"ListItem\",\"position\":2,\"name\":\"Adatv\u00e9delem\"}]},{\"@type\":\"WebSite\",\"@id\":\"https:\\\/\\\/www.villasandyresort.com\\\/hu\\\/#website\",\"url\":\"https:\\\/\\\/www.villasandyresort.com\\\/hu\\\/\",\"name\":\"Villa Sandy City Park Resort\",\"description\":\"\",\"potentialAction\":[{\"@type\":\"SearchAction\",\"target\":{\"@type\":\"EntryPoint\",\"urlTemplate\":\"https:\\\/\\\/www.villasandyresort.com\\\/hu\\\/?s={search_term_string}\"},\"query-input\":{\"@type\":\"PropertyValueSpecification\",\"valueRequired\":true,\"valueName\":\"search_term_string\"}}],\"inLanguage\":\"hu\"}]}<\/script>\n<!-- \/ Yoast SEO plugin. -->","yoast_head_json":{"title":"Adatv\u00e9delem - Villa Sandy City Park Resort -","description":"Operatort of VILLA SANDY Resort, company City Park Center a.s., settled 10, 040 01 Ko\u0161ice, I\u010cO: 36 213 624, As the operator of the information system, you publish compliance with the principle of fairness and transparency towards the data subjects concerned in this statement on the protection of personal data under the name.: INFORMATION OBLIGATION OF THE OPERATOR  in accordance with Articles 13, 14 and the relevant Recitals of the Regulation of the European Parliament and the Council (EU) 2016\/679 on the protection of natural persons in the processing of personal data and on the free movement of such data (hereinafter referred to as the \"Regulation\") and the Act of the National Council of Slovak Republic no. 18\/2018 Coll","robots":{"index":"index","follow":"follow","max-snippet":"max-snippet:-1","max-image-preview":"max-image-preview:large","max-video-preview":"max-video-preview:-1"},"canonical":"https:\/\/www.villasandyresort.com\/hu\/adatvedelem\/","og_locale":"hu_HU","og_type":"article","og_title":"Adatv\u00e9delem - Villa Sandy City Park Resort -","og_description":"Operatort of VILLA SANDY Resort, company City Park Center a.s., settled 10, 040 01 Ko\u0161ice, I\u010cO: 36 213 624, As the operator of the information system, you publish compliance with the principle of fairness and transparency towards the data subjects concerned in this statement on the protection of personal data under the name.: INFORMATION OBLIGATION OF THE OPERATOR  in accordance with Articles 13, 14 and the relevant Recitals of the Regulation of the European Parliament and the Council (EU) 2016\/679 on the protection of natural persons in the processing of personal data and on the free movement of such data (hereinafter referred to as the \"Regulation\") and the Act of the National Council of Slovak Republic no. 18\/2018 Coll","og_url":"https:\/\/www.villasandyresort.com\/hu\/adatvedelem\/","og_site_name":"Villa Sandy City Park Resort","article_modified_time":"2025-03-25T07:45:42+00:00","twitter_card":"summary_large_image","twitter_misc":{"Becs\u00fclt olvas\u00e1si id\u0151":"14 perc"},"schema":{"@context":"https:\/\/schema.org","@graph":[{"@type":"WebPage","@id":"https:\/\/www.villasandyresort.com\/hu\/adatvedelem\/","url":"https:\/\/www.villasandyresort.com\/hu\/adatvedelem\/","name":"Adatv\u00e9delem - Villa Sandy City Park Resort -","isPartOf":{"@id":"https:\/\/www.villasandyresort.com\/hu\/#website"},"datePublished":"2023-11-27T10:43:59+00:00","dateModified":"2025-03-25T07:45:42+00:00","description":"Operatort of VILLA SANDY Resort, company City Park Center a.s., settled 10, 040 01 Ko\u0161ice, I\u010cO: 36 213 624, As the operator of the information system, you publish compliance with the principle of fairness and transparency towards the data subjects concerned in this statement on the protection of personal data under the name.: INFORMATION OBLIGATION OF THE OPERATOR in accordance with Articles 13, 14 and the relevant Recitals of the Regulation of the European Parliament and the Council (EU) 2016\/679 on the protection of natural persons in the processing of personal data and on the free movement of such data (hereinafter referred to as the \"Regulation\") and the Act of the National Council of Slovak Republic no. 18\/2018 Coll","breadcrumb":{"@id":"https:\/\/www.villasandyresort.com\/hu\/adatvedelem\/#breadcrumb"},"inLanguage":"hu","potentialAction":[{"@type":"ReadAction","target":["https:\/\/www.villasandyresort.com\/hu\/adatvedelem\/"]}]},{"@type":"BreadcrumbList","@id":"https:\/\/www.villasandyresort.com\/hu\/adatvedelem\/#breadcrumb","itemListElement":[{"@type":"ListItem","position":1,"name":"Home","item":"https:\/\/www.villasandyresort.com\/hu\/"},{"@type":"ListItem","position":2,"name":"Adatv\u00e9delem"}]},{"@type":"WebSite","@id":"https:\/\/www.villasandyresort.com\/hu\/#website","url":"https:\/\/www.villasandyresort.com\/hu\/","name":"Villa Sandy City Park Resort","description":"","potentialAction":[{"@type":"SearchAction","target":{"@type":"EntryPoint","urlTemplate":"https:\/\/www.villasandyresort.com\/hu\/?s={search_term_string}"},"query-input":{"@type":"PropertyValueSpecification","valueRequired":true,"valueName":"search_term_string"}}],"inLanguage":"hu"}]}},"acf":[],"_links":{"self":[{"href":"https:\/\/www.villasandyresort.com\/hu\/wp-json\/wp\/v2\/pages\/146","targetHints":{"allow":["GET"]}}],"collection":[{"href":"https:\/\/www.villasandyresort.com\/hu\/wp-json\/wp\/v2\/pages"}],"about":[{"href":"https:\/\/www.villasandyresort.com\/hu\/wp-json\/wp\/v2\/types\/page"}],"author":[{"embeddable":true,"href":"https:\/\/www.villasandyresort.com\/hu\/wp-json\/wp\/v2\/users\/13"}],"replies":[{"embeddable":true,"href":"https:\/\/www.villasandyresort.com\/hu\/wp-json\/wp\/v2\/comments?post=146"}],"version-history":[{"count":0,"href":"https:\/\/www.villasandyresort.com\/hu\/wp-json\/wp\/v2\/pages\/146\/revisions"}],"wp:attachment":[{"href":"https:\/\/www.villasandyresort.com\/hu\/wp-json\/wp\/v2\/media?parent=146"}],"curies":[{"name":"wp","href":"https:\/\/api.w.org\/{rel}","templated":true}]}}