{"id":125,"date":"2023-11-23T09:41:33","date_gmt":"2023-11-23T09:41:33","guid":{"rendered":"https:\/\/villa-sandy-city-park-resort.ms2.decms.eu\/?page_id=125"},"modified":"2024-02-12T15:59:45","modified_gmt":"2024-02-12T15:59:45","slug":"esemenyek","status":"publish","type":"page","link":"https:\/\/www.villasandyresort.com\/hu\/esemenyek\/","title":{"rendered":"Esem\u00e9nyek"},"content":{"rendered":"<p style=\"text-align: justify\">A VILLA SANDY Resort t\u00f6k\u00e9letes helysz\u00edn a mag\u00e1n- vagy \u00fczleti rendezv\u00e9nyek sz\u00e1m\u00e1ra.<\/p>\n<p style=\"text-align: JUSTIFY\">Az exkluz\u00edv terek sz\u00e9les v\u00e1laszt\u00e9ka k\u00f6zvetlen\u00fcl Kelet-Szlov\u00e1kia metropolisz\u00e1nak z\u00f6ld k\u00f6zpontj\u00e1ban, az \u00fcd\u00fcl\u0151k\u00f6zpont \u00e1tfog\u00f3 felszerelts\u00e9g\u00e9vel \u00e9s pr\u00e9mium szolg\u00e1ltat\u00e1saival kombin\u00e1lva ide\u00e1lis felt\u00e9teleket teremt az \u00d6n felejthetetlen \u00e9lm\u00e9ny\u00e9hez b\u00e1rmilyen alkalomra.<\/p>\n<p style=\"text-align: JUSTIFY\">Exkluz\u00edv k\u00fcls\u0151 \u00e9s bels\u0151 tereket k\u00edn\u00e1lunk \u00d6nnek, a romantikus \u00fcl\u0151sarokt\u00f3l a p\u00e1roknak, a hangulatos t\u00e1rsalg\u00f3kon \u00e1t a csal\u00e1di \u00fcnneps\u00e9gekhez, egy teljesen felszerelt konferenciateremet az \u00fczleti rendezv\u00e9nyekhez, valamint egyed\u00fcl\u00e1ll\u00f3 \u00e9ttermi lehet\u0151s\u00e9geket a hivatalos \u00e9s inform\u00e1lis t\u00e1rsas\u00e1gi esem\u00e9nyekhez. A szolg\u00e1ltat\u00e1shoz tartozik egy 90 parkol\u00f3helyes m\u00e9lygar\u00e1zs is.<\/p>\n<p style=\"text-align: JUSTIFY\">Jelenlegi k\u00edn\u00e1latunkat id\u0151vel tov\u00e1bbi terekkel eg\u00e9sz\u00edtj\u00fck ki, a t\u00e1rsalg\u00f3kt\u00f3l kezdve a nagy t\u00f6bbc\u00e9l\u00fa csarnokig. Minden rendezv\u00e9ny egyedi. Mi ugyanilyen egyedi hangulatot teremt\u00fcnk hozz\u00e1.<\/p>\n","protected":false},"excerpt":{"rendered":"<p>A VILLA SANDY Resort t\u00f6k\u00e9letes helysz\u00edn a mag\u00e1n- vagy \u00fczleti rendezv\u00e9nyek sz\u00e1m\u00e1ra. Az exkluz\u00edv terek sz\u00e9les v\u00e1laszt\u00e9ka k\u00f6zvetlen\u00fcl Kelet-Szlov\u00e1kia metropolisz\u00e1nak z\u00f6ld k\u00f6zpontj\u00e1ban, az \u00fcd\u00fcl\u0151k\u00f6zpont \u00e1tfog\u00f3 felszerelts\u00e9g\u00e9vel \u00e9s pr\u00e9mium szolg\u00e1ltat\u00e1saival kombin\u00e1lva ide\u00e1lis felt\u00e9teleket teremt az \u00d6n felejthetetlen \u00e9lm\u00e9ny\u00e9hez b\u00e1rmilyen alkalomra. Exkluz\u00edv k\u00fcls\u0151 \u00e9s bels\u0151 tereket k\u00edn\u00e1lunk \u00d6nnek, a romantikus \u00fcl\u0151sarokt\u00f3l a p\u00e1roknak, a hangulatos t\u00e1rsalg\u00f3kon \u00e1t [&hellip;]<\/p>\n","protected":false},"author":13,"featured_media":0,"parent":0,"menu_order":80,"comment_status":"closed","ping_status":"closed","template":"template-restaurants.php","meta":{"footnotes":""},"class_list":["post-125","page","type-page","status-publish","hentry"],"yoast_head":"<!-- This site is optimized with the Yoast SEO plugin v27.3 - https:\/\/yoast.com\/product\/yoast-seo-wordpress\/ -->\n<title>Esem\u00e9nyek - Villa Sandy City Park Resort -<\/title>\n<meta name=\"description\" content=\"A VILLA SANDY Resort t\u00f6k\u00e9letes helysz\u00edn a mag\u00e1n- vagy \u00fczleti rendezv\u00e9nyek sz\u00e1m\u00e1ra. Az exkluz\u00edv terek sz\u00e9les v\u00e1laszt\u00e9ka k\u00f6zvetlen\u00fcl Kelet-Szlov\u00e1kia metropolisz\u00e1nak z\u00f6ld k\u00f6zpontj\u00e1ban, az \u00fcd\u00fcl\u0151k\u00f6zpont \u00e1tfog\u00f3 felszerelts\u00e9g\u00e9vel \u00e9s pr\u00e9mium szolg\u00e1ltat\u00e1saival kombin\u00e1lva ide\u00e1lis felt\u00e9teleket teremt az \u00d6n felejthetetlen \u00e9lm\u00e9ny\u00e9hez b\u00e1rmilyen alkalomra. Exkluz\u00edv k\u00fcls\u0151 \u00e9s bels\u0151 tereket k\u00edn\u00e1lunk \u00d6nnek, a romantikus \u00fcl\u0151sarokt\u00f3l a p\u00e1roknak, a hangulatos t\u00e1rsalg\u00f3kon \u00e1t a csal\u00e1di \u00fcnneps\u00e9gekhez, egy teljesen felszerelt konferenciateremet az \u00fczleti rendezv\u00e9nyekhez, valamint egyed\u00fcl\u00e1ll\u00f3 \u00e9ttermi lehet\u0151s\u00e9geket a hivatalos \u00e9s inform\u00e1lis t\u00e1rsas\u00e1gi esem\u00e9nyekhez. A szolg\u00e1ltat\u00e1shoz tartozik egy 90 parkol\u00f3helyes m\u00e9lygar\u00e1zs is. Jelenlegi k\u00edn\u00e1latunkat id\u0151vel tov\u00e1bbi terekkel eg\u00e9sz\u00edtj\u00fck ki, a t\u00e1rsalg\u00f3kt\u00f3l kezdve a nagy t\u00f6bbc\u00e9l\u00fa csarnokig\" \/>\n<meta name=\"robots\" content=\"index, follow, max-snippet:-1, max-image-preview:large, max-video-preview:-1\" \/>\n<link rel=\"canonical\" href=\"https:\/\/www.villasandyresort.com\/hu\/esemenyek\/\" \/>\n<meta property=\"og:locale\" content=\"hu_HU\" \/>\n<meta property=\"og:type\" content=\"article\" \/>\n<meta property=\"og:title\" content=\"Esem\u00e9nyek - Villa Sandy City Park Resort -\" \/>\n<meta property=\"og:description\" content=\"A VILLA SANDY Resort t\u00f6k\u00e9letes helysz\u00edn a mag\u00e1n- vagy \u00fczleti rendezv\u00e9nyek sz\u00e1m\u00e1ra. Az exkluz\u00edv terek sz\u00e9les v\u00e1laszt\u00e9ka k\u00f6zvetlen\u00fcl Kelet-Szlov\u00e1kia metropolisz\u00e1nak z\u00f6ld k\u00f6zpontj\u00e1ban, az \u00fcd\u00fcl\u0151k\u00f6zpont \u00e1tfog\u00f3 felszerelts\u00e9g\u00e9vel \u00e9s pr\u00e9mium szolg\u00e1ltat\u00e1saival kombin\u00e1lva ide\u00e1lis felt\u00e9teleket teremt az \u00d6n felejthetetlen \u00e9lm\u00e9ny\u00e9hez b\u00e1rmilyen alkalomra. Exkluz\u00edv k\u00fcls\u0151 \u00e9s bels\u0151 tereket k\u00edn\u00e1lunk \u00d6nnek, a romantikus \u00fcl\u0151sarokt\u00f3l a p\u00e1roknak, a hangulatos t\u00e1rsalg\u00f3kon \u00e1t a csal\u00e1di \u00fcnneps\u00e9gekhez, egy teljesen felszerelt konferenciateremet az \u00fczleti rendezv\u00e9nyekhez, valamint egyed\u00fcl\u00e1ll\u00f3 \u00e9ttermi lehet\u0151s\u00e9geket a hivatalos \u00e9s inform\u00e1lis t\u00e1rsas\u00e1gi esem\u00e9nyekhez. A szolg\u00e1ltat\u00e1shoz tartozik egy 90 parkol\u00f3helyes m\u00e9lygar\u00e1zs is. Jelenlegi k\u00edn\u00e1latunkat id\u0151vel tov\u00e1bbi terekkel eg\u00e9sz\u00edtj\u00fck ki, a t\u00e1rsalg\u00f3kt\u00f3l kezdve a nagy t\u00f6bbc\u00e9l\u00fa csarnokig\" \/>\n<meta property=\"og:url\" content=\"https:\/\/www.villasandyresort.com\/hu\/esemenyek\/\" \/>\n<meta property=\"og:site_name\" content=\"Villa Sandy City Park Resort\" \/>\n<meta property=\"article:modified_time\" content=\"2024-02-12T15:59:45+00:00\" \/>\n<meta name=\"twitter:card\" content=\"summary_large_image\" \/>\n<meta name=\"twitter:label1\" content=\"Becs\u00fclt olvas\u00e1si id\u0151\" \/>\n\t<meta name=\"twitter:data1\" content=\"1 perc\" \/>\n<script type=\"application\/ld+json\" class=\"yoast-schema-graph\">{\"@context\":\"https:\\\/\\\/schema.org\",\"@graph\":[{\"@type\":\"WebPage\",\"@id\":\"https:\\\/\\\/www.villasandyresort.com\\\/hu\\\/esemenyek\\\/\",\"url\":\"https:\\\/\\\/www.villasandyresort.com\\\/hu\\\/esemenyek\\\/\",\"name\":\"Esem\u00e9nyek - Villa Sandy City Park Resort -\",\"isPartOf\":{\"@id\":\"https:\\\/\\\/www.villasandyresort.com\\\/hu\\\/#website\"},\"datePublished\":\"2023-11-23T09:41:33+00:00\",\"dateModified\":\"2024-02-12T15:59:45+00:00\",\"description\":\"A VILLA SANDY Resort t\u00f6k\u00e9letes helysz\u00edn a mag\u00e1n- vagy \u00fczleti rendezv\u00e9nyek sz\u00e1m\u00e1ra. Az exkluz\u00edv terek sz\u00e9les v\u00e1laszt\u00e9ka k\u00f6zvetlen\u00fcl Kelet-Szlov\u00e1kia metropolisz\u00e1nak z\u00f6ld k\u00f6zpontj\u00e1ban, az \u00fcd\u00fcl\u0151k\u00f6zpont \u00e1tfog\u00f3 felszerelts\u00e9g\u00e9vel \u00e9s pr\u00e9mium szolg\u00e1ltat\u00e1saival kombin\u00e1lva ide\u00e1lis felt\u00e9teleket teremt az \u00d6n felejthetetlen \u00e9lm\u00e9ny\u00e9hez b\u00e1rmilyen alkalomra. Exkluz\u00edv k\u00fcls\u0151 \u00e9s bels\u0151 tereket k\u00edn\u00e1lunk \u00d6nnek, a romantikus \u00fcl\u0151sarokt\u00f3l a p\u00e1roknak, a hangulatos t\u00e1rsalg\u00f3kon \u00e1t a csal\u00e1di \u00fcnneps\u00e9gekhez, egy teljesen felszerelt konferenciateremet az \u00fczleti rendezv\u00e9nyekhez, valamint egyed\u00fcl\u00e1ll\u00f3 \u00e9ttermi lehet\u0151s\u00e9geket a hivatalos \u00e9s inform\u00e1lis t\u00e1rsas\u00e1gi esem\u00e9nyekhez. A szolg\u00e1ltat\u00e1shoz tartozik egy 90 parkol\u00f3helyes m\u00e9lygar\u00e1zs is. Jelenlegi k\u00edn\u00e1latunkat id\u0151vel tov\u00e1bbi terekkel eg\u00e9sz\u00edtj\u00fck ki, a t\u00e1rsalg\u00f3kt\u00f3l kezdve a nagy t\u00f6bbc\u00e9l\u00fa csarnokig\",\"breadcrumb\":{\"@id\":\"https:\\\/\\\/www.villasandyresort.com\\\/hu\\\/esemenyek\\\/#breadcrumb\"},\"inLanguage\":\"hu\",\"potentialAction\":[{\"@type\":\"ReadAction\",\"target\":[\"https:\\\/\\\/www.villasandyresort.com\\\/hu\\\/esemenyek\\\/\"]}]},{\"@type\":\"BreadcrumbList\",\"@id\":\"https:\\\/\\\/www.villasandyresort.com\\\/hu\\\/esemenyek\\\/#breadcrumb\",\"itemListElement\":[{\"@type\":\"ListItem\",\"position\":1,\"name\":\"Home\",\"item\":\"https:\\\/\\\/www.villasandyresort.com\\\/hu\\\/\"},{\"@type\":\"ListItem\",\"position\":2,\"name\":\"Esem\u00e9nyek\"}]},{\"@type\":\"WebSite\",\"@id\":\"https:\\\/\\\/www.villasandyresort.com\\\/hu\\\/#website\",\"url\":\"https:\\\/\\\/www.villasandyresort.com\\\/hu\\\/\",\"name\":\"Villa Sandy City Park Resort\",\"description\":\"\",\"potentialAction\":[{\"@type\":\"SearchAction\",\"target\":{\"@type\":\"EntryPoint\",\"urlTemplate\":\"https:\\\/\\\/www.villasandyresort.com\\\/hu\\\/?s={search_term_string}\"},\"query-input\":{\"@type\":\"PropertyValueSpecification\",\"valueRequired\":true,\"valueName\":\"search_term_string\"}}],\"inLanguage\":\"hu\"}]}<\/script>\n<!-- \/ Yoast SEO plugin. -->","yoast_head_json":{"title":"Esem\u00e9nyek - Villa Sandy City Park Resort -","description":"A VILLA SANDY Resort t\u00f6k\u00e9letes helysz\u00edn a mag\u00e1n- vagy \u00fczleti rendezv\u00e9nyek sz\u00e1m\u00e1ra. Az exkluz\u00edv terek sz\u00e9les v\u00e1laszt\u00e9ka k\u00f6zvetlen\u00fcl Kelet-Szlov\u00e1kia metropolisz\u00e1nak z\u00f6ld k\u00f6zpontj\u00e1ban, az \u00fcd\u00fcl\u0151k\u00f6zpont \u00e1tfog\u00f3 felszerelts\u00e9g\u00e9vel \u00e9s pr\u00e9mium szolg\u00e1ltat\u00e1saival kombin\u00e1lva ide\u00e1lis felt\u00e9teleket teremt az \u00d6n felejthetetlen \u00e9lm\u00e9ny\u00e9hez b\u00e1rmilyen alkalomra. Exkluz\u00edv k\u00fcls\u0151 \u00e9s bels\u0151 tereket k\u00edn\u00e1lunk \u00d6nnek, a romantikus \u00fcl\u0151sarokt\u00f3l a p\u00e1roknak, a hangulatos t\u00e1rsalg\u00f3kon \u00e1t a csal\u00e1di \u00fcnneps\u00e9gekhez, egy teljesen felszerelt konferenciateremet az \u00fczleti rendezv\u00e9nyekhez, valamint egyed\u00fcl\u00e1ll\u00f3 \u00e9ttermi lehet\u0151s\u00e9geket a hivatalos \u00e9s inform\u00e1lis t\u00e1rsas\u00e1gi esem\u00e9nyekhez. A szolg\u00e1ltat\u00e1shoz tartozik egy 90 parkol\u00f3helyes m\u00e9lygar\u00e1zs is. Jelenlegi k\u00edn\u00e1latunkat id\u0151vel tov\u00e1bbi terekkel eg\u00e9sz\u00edtj\u00fck ki, a t\u00e1rsalg\u00f3kt\u00f3l kezdve a nagy t\u00f6bbc\u00e9l\u00fa csarnokig","robots":{"index":"index","follow":"follow","max-snippet":"max-snippet:-1","max-image-preview":"max-image-preview:large","max-video-preview":"max-video-preview:-1"},"canonical":"https:\/\/www.villasandyresort.com\/hu\/esemenyek\/","og_locale":"hu_HU","og_type":"article","og_title":"Esem\u00e9nyek - Villa Sandy City Park Resort -","og_description":"A VILLA SANDY Resort t\u00f6k\u00e9letes helysz\u00edn a mag\u00e1n- vagy \u00fczleti rendezv\u00e9nyek sz\u00e1m\u00e1ra. Az exkluz\u00edv terek sz\u00e9les v\u00e1laszt\u00e9ka k\u00f6zvetlen\u00fcl Kelet-Szlov\u00e1kia metropolisz\u00e1nak z\u00f6ld k\u00f6zpontj\u00e1ban, az \u00fcd\u00fcl\u0151k\u00f6zpont \u00e1tfog\u00f3 felszerelts\u00e9g\u00e9vel \u00e9s pr\u00e9mium szolg\u00e1ltat\u00e1saival kombin\u00e1lva ide\u00e1lis felt\u00e9teleket teremt az \u00d6n felejthetetlen \u00e9lm\u00e9ny\u00e9hez b\u00e1rmilyen alkalomra. Exkluz\u00edv k\u00fcls\u0151 \u00e9s bels\u0151 tereket k\u00edn\u00e1lunk \u00d6nnek, a romantikus \u00fcl\u0151sarokt\u00f3l a p\u00e1roknak, a hangulatos t\u00e1rsalg\u00f3kon \u00e1t a csal\u00e1di \u00fcnneps\u00e9gekhez, egy teljesen felszerelt konferenciateremet az \u00fczleti rendezv\u00e9nyekhez, valamint egyed\u00fcl\u00e1ll\u00f3 \u00e9ttermi lehet\u0151s\u00e9geket a hivatalos \u00e9s inform\u00e1lis t\u00e1rsas\u00e1gi esem\u00e9nyekhez. A szolg\u00e1ltat\u00e1shoz tartozik egy 90 parkol\u00f3helyes m\u00e9lygar\u00e1zs is. Jelenlegi k\u00edn\u00e1latunkat id\u0151vel tov\u00e1bbi terekkel eg\u00e9sz\u00edtj\u00fck ki, a t\u00e1rsalg\u00f3kt\u00f3l kezdve a nagy t\u00f6bbc\u00e9l\u00fa csarnokig","og_url":"https:\/\/www.villasandyresort.com\/hu\/esemenyek\/","og_site_name":"Villa Sandy City Park Resort","article_modified_time":"2024-02-12T15:59:45+00:00","twitter_card":"summary_large_image","twitter_misc":{"Becs\u00fclt olvas\u00e1si id\u0151":"1 perc"},"schema":{"@context":"https:\/\/schema.org","@graph":[{"@type":"WebPage","@id":"https:\/\/www.villasandyresort.com\/hu\/esemenyek\/","url":"https:\/\/www.villasandyresort.com\/hu\/esemenyek\/","name":"Esem\u00e9nyek - Villa Sandy City Park Resort -","isPartOf":{"@id":"https:\/\/www.villasandyresort.com\/hu\/#website"},"datePublished":"2023-11-23T09:41:33+00:00","dateModified":"2024-02-12T15:59:45+00:00","description":"A VILLA SANDY Resort t\u00f6k\u00e9letes helysz\u00edn a mag\u00e1n- vagy \u00fczleti rendezv\u00e9nyek sz\u00e1m\u00e1ra. Az exkluz\u00edv terek sz\u00e9les v\u00e1laszt\u00e9ka k\u00f6zvetlen\u00fcl Kelet-Szlov\u00e1kia metropolisz\u00e1nak z\u00f6ld k\u00f6zpontj\u00e1ban, az \u00fcd\u00fcl\u0151k\u00f6zpont \u00e1tfog\u00f3 felszerelts\u00e9g\u00e9vel \u00e9s pr\u00e9mium szolg\u00e1ltat\u00e1saival kombin\u00e1lva ide\u00e1lis felt\u00e9teleket teremt az \u00d6n felejthetetlen \u00e9lm\u00e9ny\u00e9hez b\u00e1rmilyen alkalomra. Exkluz\u00edv k\u00fcls\u0151 \u00e9s bels\u0151 tereket k\u00edn\u00e1lunk \u00d6nnek, a romantikus \u00fcl\u0151sarokt\u00f3l a p\u00e1roknak, a hangulatos t\u00e1rsalg\u00f3kon \u00e1t a csal\u00e1di \u00fcnneps\u00e9gekhez, egy teljesen felszerelt konferenciateremet az \u00fczleti rendezv\u00e9nyekhez, valamint egyed\u00fcl\u00e1ll\u00f3 \u00e9ttermi lehet\u0151s\u00e9geket a hivatalos \u00e9s inform\u00e1lis t\u00e1rsas\u00e1gi esem\u00e9nyekhez. A szolg\u00e1ltat\u00e1shoz tartozik egy 90 parkol\u00f3helyes m\u00e9lygar\u00e1zs is. Jelenlegi k\u00edn\u00e1latunkat id\u0151vel tov\u00e1bbi terekkel eg\u00e9sz\u00edtj\u00fck ki, a t\u00e1rsalg\u00f3kt\u00f3l kezdve a nagy t\u00f6bbc\u00e9l\u00fa csarnokig","breadcrumb":{"@id":"https:\/\/www.villasandyresort.com\/hu\/esemenyek\/#breadcrumb"},"inLanguage":"hu","potentialAction":[{"@type":"ReadAction","target":["https:\/\/www.villasandyresort.com\/hu\/esemenyek\/"]}]},{"@type":"BreadcrumbList","@id":"https:\/\/www.villasandyresort.com\/hu\/esemenyek\/#breadcrumb","itemListElement":[{"@type":"ListItem","position":1,"name":"Home","item":"https:\/\/www.villasandyresort.com\/hu\/"},{"@type":"ListItem","position":2,"name":"Esem\u00e9nyek"}]},{"@type":"WebSite","@id":"https:\/\/www.villasandyresort.com\/hu\/#website","url":"https:\/\/www.villasandyresort.com\/hu\/","name":"Villa Sandy City Park Resort","description":"","potentialAction":[{"@type":"SearchAction","target":{"@type":"EntryPoint","urlTemplate":"https:\/\/www.villasandyresort.com\/hu\/?s={search_term_string}"},"query-input":{"@type":"PropertyValueSpecification","valueRequired":true,"valueName":"search_term_string"}}],"inLanguage":"hu"}]}},"acf":[],"_links":{"self":[{"href":"https:\/\/www.villasandyresort.com\/hu\/wp-json\/wp\/v2\/pages\/125","targetHints":{"allow":["GET"]}}],"collection":[{"href":"https:\/\/www.villasandyresort.com\/hu\/wp-json\/wp\/v2\/pages"}],"about":[{"href":"https:\/\/www.villasandyresort.com\/hu\/wp-json\/wp\/v2\/types\/page"}],"author":[{"embeddable":true,"href":"https:\/\/www.villasandyresort.com\/hu\/wp-json\/wp\/v2\/users\/13"}],"replies":[{"embeddable":true,"href":"https:\/\/www.villasandyresort.com\/hu\/wp-json\/wp\/v2\/comments?post=125"}],"version-history":[{"count":0,"href":"https:\/\/www.villasandyresort.com\/hu\/wp-json\/wp\/v2\/pages\/125\/revisions"}],"wp:attachment":[{"href":"https:\/\/www.villasandyresort.com\/hu\/wp-json\/wp\/v2\/media?parent=125"}],"curies":[{"name":"wp","href":"https:\/\/api.w.org\/{rel}","templated":true}]}}